{"id":2684,"date":"2024-02-01T15:02:40","date_gmt":"2024-02-01T14:02:40","guid":{"rendered":"https:\/\/www.deschacht.eu\/realisaties\/villers-le-bouillet-vernieuwt-zijn-watertoren\/"},"modified":"2026-05-27T15:02:11","modified_gmt":"2026-05-27T13:02:11","slug":"villers-le-bouillet-renouvelle-son-chateau-deau","status":"publish","type":"realisaties","link":"https:\/\/www.deschacht.eu\/fr\/realisaties\/villers-le-bouillet-vernieuwt-zijn-watertoren\/","title":{"rendered":"Villers-le-Bouillet r\u00e9nove sa ch\u00e2teau d'eau"},"content":{"rendered":"<p class=\"wp-block-paragraph\">La petite ville de Villers-le-Bouillet est domin\u00e9e par un ch\u00e2teau d'eau \u00e0 l'allure futuriste, qui pourrait tout droit sortir d'un roman de Jules Verne. Mais cette construction imposante avait besoin de nouvelles canalisations d'eau \u2013 une t\u00e2che que la Soci\u00e9t\u00e9 Wallonne des Eaux (SWDE) a confi\u00e9e \u00e0 l'entreprise Hydrogaz.<\/p>\n\n\n\n<p class=\"wp-block-paragraph\">Fin 2023, la rue le Marais a fait l'objet d'une r\u00e9novation avec l'installation de nouvelles conduites. \u201c Nous avons commenc\u00e9 par poser la conduite d'\u00e9vacuation d'une chambre de sectionnement. Ensuite, nous nous sommes attaqu\u00e9s \u00e0 la conduite d'alimentation du ch\u00e2teau d'eau, en partant d'une alimentation situ\u00e9e dans la m\u00eame chambre \u201d, explique Eric Forthomme, chef de projet chez Hydrogaz. \u201c Toute l'installation alimentera les conduites d'eau potable de la SWDE. \u201d<\/p>\n\n\n\n<h2 class=\"wp-block-heading\">Des tuyaux dot\u00e9s de super-pouvoirs<\/h2>\n\n\n\n<p class=\"wp-block-paragraph\">\u201c Le cahier des charges prescrivait un type de tuyaux tr\u00e8s sp\u00e9cifique et nous nous sommes tourn\u00e9s vers Deschacht parce que leurs prix sont comp\u00e9titifs et qu'ils proposent des produits de haute qualit\u00e9 qui r\u00e9pondent \u00e0 la norme europ\u00e9enne NBN EN 545 \u201d, poursuit Eric Forthomme. \u201c Pour ce projet, nous avons command\u00e9 des tuyaux en fonte d'un diam\u00e8tre DN300 chez Electrosteel.<\/p>\n\n\n\n<p class=\"wp-block-paragraph\">\u201d Electrosteel fabrique ses tuyaux en fonte ductile, un mat\u00e9riau qui peut l\u00e9g\u00e8rement fl\u00e9chir sans se rompre \u201c, ajoute Vincent Brehl, commercial externe chez Deschacht. \u00ab Leurs produits r\u00e9pondent aux normes europ\u00e9ennes requises et sont livr\u00e9s sous forme de tuyaux bleus, rev\u00eatus d'une couche d'\u00e9poxy d'une \u00e9paisseur garantie de 400 g\/m\u00b2 \u00bb<\/p>\n\n\n\n<p class=\"wp-block-paragraph\">. En cas de dommages l\u00e9gers de l'enveloppe protectrice, la couche d'\u00e9poxy est auto-cicatrisante. Le rev\u00eatement int\u00e9rieur est en b\u00e9ton de qualit\u00e9 alimentaire.<\/p>\n\n\n\n<h2 class=\"wp-block-heading\">Tuyaux \u00e9cologiques<\/h2>\n\n\n\n<p class=\"wp-block-paragraph\">La fonte ductile semble \u00eatre un mat\u00e9riau id\u00e9al pour les canalisations d'eau. Seul le malentendu selon lequel elle serait polluante freine son application g\u00e9n\u00e9ralis\u00e9e. Bien que la fonte soit fabriqu\u00e9e dans des hauts fournaux, Electrosteel dispose de plusieurs certifications : ISO 14001, ISO 45001 et SA8000. En d'autres termes, l'entreprise se soucie de l'environnement ainsi que de la s\u00e9curit\u00e9 et des droits des travailleurs.<\/p>\n\n\n\n<p class=\"wp-block-paragraph\">Electrosteel fournit des tuyaux et des accessoires en fonte recycl\u00e9e, un bel exemple d'approche \u00e9cologique. Ils sont durables, durent plus de 100 ans et disposent m\u00eame d'emballages en circuit ferm\u00e9 pour minimiser leur impact sur l'environnement. \u00c9cologique, \u00e9conomique et efficace, la fonte ductile Electrosteel a du style !<\/p>\n\n\n\n<h3 class=\"wp-block-heading\">Hydrogaz SA<\/h3>\n\n\n\n<p class=\"wp-block-paragraph\">travaux routiers, terrassements, am\u00e9nagement des abords, pose de r\u00e9seaux de services publics, \u00e9tudes<\/p>\n\n\n\n<figure class=\"wp-block-image size-full\"><img decoding=\"async\" src=\"https:\/\/www.deschacht.eu\/wp-content\/uploads\/2026\/05\/chantier-Electrosteel-1.webp\" alt=\"chantier Electrosteel 1\"\/><\/figure>","protected":false},"featured_media":2685,"template":"","meta":{"_acf_changed":false},"activiteiten":[175,174],"producten":[162],"class_list":["post-2684","realisaties","type-realisaties","status-publish","has-post-thumbnail","hentry","activiteiten-nutsvoorzieningen","activiteiten-weg-en-rioolwerken","producten-electrosteel"],"acf":[],"yoast_head":"<!-- This site is optimized with the Yoast SEO plugin v28.4 - https:\/\/yoast.com\/product\/yoast-seo-wordpress\/ -->\n<title>Villers-le-Bouillet vernieuwt watertoren | Deschacht<\/title>\n<meta name=\"description\" content=\"De watertoren van Villers-le-Bouillet werd vernieuwd met materialen van Deschacht. Lees de case.\" \/>\n<meta name=\"robots\" content=\"index, follow, max-snippet:-1, max-image-preview:large, max-video-preview:-1\" \/>\n<link rel=\"canonical\" href=\"https:\/\/www.deschacht.eu\/fr\/realisations\/villers-le-bouillet-renouvelle-son-chateau-deau\/\" \/>\n<meta property=\"og:locale\" content=\"fr_FR\" \/>\n<meta property=\"og:type\" content=\"article\" \/>\n<meta property=\"og:title\" content=\"Villers-le-Bouillet vernieuwt watertoren | Deschacht\" \/>\n<meta property=\"og:description\" content=\"De watertoren van Villers-le-Bouillet werd vernieuwd met materialen van Deschacht. Lees de case.\" \/>\n<meta property=\"og:url\" content=\"https:\/\/www.deschacht.eu\/fr\/realisations\/villers-le-bouillet-renouvelle-son-chateau-deau\/\" \/>\n<meta property=\"og:site_name\" content=\"Deschacht Bouwmaterialen\" \/>\n<meta property=\"article:modified_time\" content=\"2026-05-27T13:02:11+00:00\" \/>\n<meta property=\"og:image\" content=\"https:\/\/www.deschacht.eu\/wp-content\/uploads\/2026\/05\/chantier-Electrosteel-1.webp\" \/>\n\t<meta property=\"og:image:width\" content=\"2000\" \/>\n\t<meta property=\"og:image:height\" content=\"1125\" \/>\n\t<meta property=\"og:image:type\" content=\"image\/webp\" \/>\n<meta name=\"twitter:card\" content=\"summary_large_image\" \/>\n<meta name=\"twitter:label1\" content=\"Dur\u00e9e de lecture estim\u00e9e\" \/>\n\t<meta name=\"twitter:data1\" content=\"2 minutes\" \/>\n<script type=\"application\/ld+json\" class=\"yoast-schema-graph\">{\"@context\":\"https:\\\/\\\/schema.org\",\"@graph\":[{\"@type\":\"WebPage\",\"@id\":\"https:\\\/\\\/www.deschacht.eu\\\/realisaties\\\/villers-le-bouillet-vernieuwt-zijn-watertoren\\\/\",\"url\":\"https:\\\/\\\/www.deschacht.eu\\\/realisaties\\\/villers-le-bouillet-vernieuwt-zijn-watertoren\\\/\",\"name\":\"Villers-le-Bouillet vernieuwt watertoren | Deschacht\",\"isPartOf\":{\"@id\":\"https:\\\/\\\/www.deschacht.eu\\\/#website\"},\"primaryImageOfPage\":{\"@id\":\"https:\\\/\\\/www.deschacht.eu\\\/realisaties\\\/villers-le-bouillet-vernieuwt-zijn-watertoren\\\/#primaryimage\"},\"image\":{\"@id\":\"https:\\\/\\\/www.deschacht.eu\\\/realisaties\\\/villers-le-bouillet-vernieuwt-zijn-watertoren\\\/#primaryimage\"},\"thumbnailUrl\":\"https:\\\/\\\/www.deschacht.eu\\\/wp-content\\\/uploads\\\/2026\\\/05\\\/chantier-Electrosteel-1.webp\",\"datePublished\":\"2024-02-01T14:02:40+00:00\",\"dateModified\":\"2026-05-27T13:02:11+00:00\",\"description\":\"De watertoren van Villers-le-Bouillet werd vernieuwd met materialen van Deschacht. Lees de case.\",\"breadcrumb\":{\"@id\":\"https:\\\/\\\/www.deschacht.eu\\\/realisaties\\\/villers-le-bouillet-vernieuwt-zijn-watertoren\\\/#breadcrumb\"},\"inLanguage\":\"fr-FR\",\"potentialAction\":[{\"@type\":\"ReadAction\",\"target\":[\"https:\\\/\\\/www.deschacht.eu\\\/realisaties\\\/villers-le-bouillet-vernieuwt-zijn-watertoren\\\/\"]}]},{\"@type\":\"ImageObject\",\"inLanguage\":\"fr-FR\",\"@id\":\"https:\\\/\\\/www.deschacht.eu\\\/realisaties\\\/villers-le-bouillet-vernieuwt-zijn-watertoren\\\/#primaryimage\",\"url\":\"https:\\\/\\\/www.deschacht.eu\\\/wp-content\\\/uploads\\\/2026\\\/05\\\/chantier-Electrosteel-1.webp\",\"contentUrl\":\"https:\\\/\\\/www.deschacht.eu\\\/wp-content\\\/uploads\\\/2026\\\/05\\\/chantier-Electrosteel-1.webp\",\"width\":2000,\"height\":1125},{\"@type\":\"BreadcrumbList\",\"@id\":\"https:\\\/\\\/www.deschacht.eu\\\/realisaties\\\/villers-le-bouillet-vernieuwt-zijn-watertoren\\\/#breadcrumb\",\"itemListElement\":[{\"@type\":\"ListItem\",\"position\":1,\"name\":\"Home\",\"item\":\"https:\\\/\\\/www.deschacht.eu\\\/\"},{\"@type\":\"ListItem\",\"position\":2,\"name\":\"Villers-le-Bouillet vernieuwt zijn watertoren\"}]},{\"@type\":\"WebSite\",\"@id\":\"https:\\\/\\\/www.deschacht.eu\\\/#website\",\"url\":\"https:\\\/\\\/www.deschacht.eu\\\/\",\"name\":\"Deschacht Bouwmaterialen\",\"description\":\"Impact en verandering in de bouwsector.\",\"publisher\":{\"@id\":\"https:\\\/\\\/www.deschacht.eu\\\/#organization\"},\"potentialAction\":[{\"@type\":\"SearchAction\",\"target\":{\"@type\":\"EntryPoint\",\"urlTemplate\":\"https:\\\/\\\/www.deschacht.eu\\\/?s={search_term_string}\"},\"query-input\":{\"@type\":\"PropertyValueSpecification\",\"valueRequired\":true,\"valueName\":\"search_term_string\"}}],\"inLanguage\":\"fr-FR\"},{\"@type\":\"Organization\",\"@id\":\"https:\\\/\\\/www.deschacht.eu\\\/#organization\",\"name\":\"Deschacht Bouwmaterialen\",\"url\":\"https:\\\/\\\/www.deschacht.eu\\\/\",\"logo\":{\"@type\":\"ImageObject\",\"inLanguage\":\"fr-FR\",\"@id\":\"https:\\\/\\\/www.deschacht.eu\\\/#\\\/schema\\\/logo\\\/image\\\/\",\"url\":\"https:\\\/\\\/www.deschacht.eu\\\/wp-content\\\/uploads\\\/2026\\\/03\\\/Deschacht-Logo.svg\",\"contentUrl\":\"https:\\\/\\\/www.deschacht.eu\\\/wp-content\\\/uploads\\\/2026\\\/03\\\/Deschacht-Logo.svg\",\"caption\":\"Deschacht Bouwmaterialen\"},\"image\":{\"@id\":\"https:\\\/\\\/www.deschacht.eu\\\/#\\\/schema\\\/logo\\\/image\\\/\"}}]}<\/script>\n<!-- \/ Yoast SEO plugin. -->","yoast_head_json":{"title":"Villers-le-Bouillet renouvelle son ch\u00e2teau d'eau | Deschacht","description":"Le ch\u00e2teau d'eau de Villers-le-Bouillet a \u00e9t\u00e9 r\u00e9nov\u00e9 avec des mat\u00e9riaux de Deschacht. Lisez l'\u00e9tude de cas.","robots":{"index":"index","follow":"follow","max-snippet":"max-snippet:-1","max-image-preview":"max-image-preview:large","max-video-preview":"max-video-preview:-1"},"canonical":"https:\/\/www.deschacht.eu\/fr\/realisations\/villers-le-bouillet-renouvelle-son-chateau-deau\/","og_locale":"fr_FR","og_type":"article","og_title":"Villers-le-Bouillet vernieuwt watertoren | Deschacht","og_description":"De watertoren van Villers-le-Bouillet werd vernieuwd met materialen van Deschacht. Lees de case.","og_url":"https:\/\/www.deschacht.eu\/fr\/realisations\/villers-le-bouillet-renouvelle-son-chateau-deau\/","og_site_name":"Deschacht Bouwmaterialen","article_modified_time":"2026-05-27T13:02:11+00:00","og_image":[{"width":2000,"height":1125,"url":"https:\/\/www.deschacht.eu\/wp-content\/uploads\/2026\/05\/chantier-Electrosteel-1.webp","type":"image\/webp"}],"twitter_card":"summary_large_image","twitter_misc":{"Dur\u00e9e de lecture estim\u00e9e":"2 minutes"},"schema":{"@context":"https:\/\/schema.org","@graph":[{"@type":"WebPage","@id":"https:\/\/www.deschacht.eu\/realisaties\/villers-le-bouillet-vernieuwt-zijn-watertoren\/","url":"https:\/\/www.deschacht.eu\/realisaties\/villers-le-bouillet-vernieuwt-zijn-watertoren\/","name":"Villers-le-Bouillet renouvelle son ch\u00e2teau d'eau | Deschacht","isPartOf":{"@id":"https:\/\/www.deschacht.eu\/#website"},"primaryImageOfPage":{"@id":"https:\/\/www.deschacht.eu\/realisaties\/villers-le-bouillet-vernieuwt-zijn-watertoren\/#primaryimage"},"image":{"@id":"https:\/\/www.deschacht.eu\/realisaties\/villers-le-bouillet-vernieuwt-zijn-watertoren\/#primaryimage"},"thumbnailUrl":"https:\/\/www.deschacht.eu\/wp-content\/uploads\/2026\/05\/chantier-Electrosteel-1.webp","datePublished":"2024-02-01T14:02:40+00:00","dateModified":"2026-05-27T13:02:11+00:00","description":"Le ch\u00e2teau d'eau de Villers-le-Bouillet a \u00e9t\u00e9 r\u00e9nov\u00e9 avec des mat\u00e9riaux de Deschacht. Lisez l'\u00e9tude de cas.","breadcrumb":{"@id":"https:\/\/www.deschacht.eu\/realisaties\/villers-le-bouillet-vernieuwt-zijn-watertoren\/#breadcrumb"},"inLanguage":"fr-FR","potentialAction":[{"@type":"ReadAction","target":["https:\/\/www.deschacht.eu\/realisaties\/villers-le-bouillet-vernieuwt-zijn-watertoren\/"]}]},{"@type":"ImageObject","inLanguage":"fr-FR","@id":"https:\/\/www.deschacht.eu\/realisaties\/villers-le-bouillet-vernieuwt-zijn-watertoren\/#primaryimage","url":"https:\/\/www.deschacht.eu\/wp-content\/uploads\/2026\/05\/chantier-Electrosteel-1.webp","contentUrl":"https:\/\/www.deschacht.eu\/wp-content\/uploads\/2026\/05\/chantier-Electrosteel-1.webp","width":2000,"height":1125},{"@type":"BreadcrumbList","@id":"https:\/\/www.deschacht.eu\/realisaties\/villers-le-bouillet-vernieuwt-zijn-watertoren\/#breadcrumb","itemListElement":[{"@type":"ListItem","position":1,"name":"Home","item":"https:\/\/www.deschacht.eu\/"},{"@type":"ListItem","position":2,"name":"Villers-le-Bouillet vernieuwt zijn watertoren"}]},{"@type":"WebSite","@id":"https:\/\/www.deschacht.eu\/#website","url":"https:\/\/www.deschacht.eu\/","name":"Deschacht Mat\u00e9riaux de construction","description":"Impact et changement dans le secteur de la construction.","publisher":{"@id":"https:\/\/www.deschacht.eu\/#organization"},"potentialAction":[{"@type":"SearchAction","target":{"@type":"EntryPoint","urlTemplate":"https:\/\/www.deschacht.eu\/?s={search_term_string}"},"query-input":{"@type":"PropertyValueSpecification","valueRequired":true,"valueName":"search_term_string"}}],"inLanguage":"fr-FR"},{"@type":"Organization","@id":"https:\/\/www.deschacht.eu\/#organization","name":"Deschacht Mat\u00e9riaux de construction","url":"https:\/\/www.deschacht.eu\/","logo":{"@type":"ImageObject","inLanguage":"fr-FR","@id":"https:\/\/www.deschacht.eu\/#\/schema\/logo\/image\/","url":"https:\/\/www.deschacht.eu\/wp-content\/uploads\/2026\/03\/Deschacht-Logo.svg","contentUrl":"https:\/\/www.deschacht.eu\/wp-content\/uploads\/2026\/03\/Deschacht-Logo.svg","caption":"Deschacht Bouwmaterialen"},"image":{"@id":"https:\/\/www.deschacht.eu\/#\/schema\/logo\/image\/"}}]}},"_links":{"self":[{"href":"https:\/\/www.deschacht.eu\/fr\/wp-json\/wp\/v2\/realisaties\/2684","targetHints":{"allow":["GET"]}}],"collection":[{"href":"https:\/\/www.deschacht.eu\/fr\/wp-json\/wp\/v2\/realisaties"}],"about":[{"href":"https:\/\/www.deschacht.eu\/fr\/wp-json\/wp\/v2\/types\/realisaties"}],"wp:featuredmedia":[{"embeddable":true,"href":"https:\/\/www.deschacht.eu\/fr\/wp-json\/wp\/v2\/media\/2685"}],"wp:attachment":[{"href":"https:\/\/www.deschacht.eu\/fr\/wp-json\/wp\/v2\/media?parent=2684"}],"wp:term":[{"taxonomy":"activiteiten","embeddable":true,"href":"https:\/\/www.deschacht.eu\/fr\/wp-json\/wp\/v2\/activiteiten?post=2684"},{"taxonomy":"producten","embeddable":true,"href":"https:\/\/www.deschacht.eu\/fr\/wp-json\/wp\/v2\/producten?post=2684"}],"curies":[{"name":"bien jou\u00e9","href":"https:\/\/api.w.org\/{rel}","templated":true}]}}