{"id":2592,"date":"2023-08-02T14:34:03","date_gmt":"2023-08-02T12:34:03","guid":{"rendered":"https:\/\/www.deschacht.eu\/realisaties\/hamann-international-logistics-breidt-vestiging-in-wetteren-uit\/"},"modified":"2026-05-27T15:02:06","modified_gmt":"2026-05-27T13:02:06","slug":"hamann-international-logistics-etend-son-site-de-wetteren","status":"publish","type":"realisaties","link":"https:\/\/www.deschacht.eu\/fr\/realisaties\/hamann-international-logistics-breidt-vestiging-in-wetteren-uit\/","title":{"rendered":"Hamann International Logistics \u00e9tend son site de Wetteren"},"content":{"rendered":"<p class=\"wp-block-paragraph\">En mars 2022, Hamann International Logistics de Wetteren a annonc\u00e9 la construction d'un entrep\u00f4t de transbordement suppl\u00e9mentaire de 8000 m\u00e8tres carr\u00e9s. Aujourd'hui, de nouveaux bureaux, un entrep\u00f4t de transbordement, un parking souterrain et un parking suppl\u00e9mentaire pour camions sont \u00e9galement en construction. Pour ces chantiers, l'acteur logistique fait appel \u00e0 l'expertise de Wegenwerken De Moor et Deschacht.<\/p>\n\n\n\n<h3 class=\"wp-block-heading\">Extension du site de l'entreprise<\/h3>\n\n\n\n<p class=\"wp-block-paragraph\">Avec un total de 30 500 m\u00e8tres carr\u00e9s d'entrep\u00f4ts, 240 employ\u00e9s, 4 sites et des activit\u00e9s dans plus de 60 pays, Hamann International Logistics est un acteur en pleine croissance dans son secteur. Afin de suivre ces taux de croissance, nous mettons aujourd'hui en \u0153uvre divers projets d'extension. \u201c Outre notre b\u00e2timent existant, un nouveau b\u00e2timent est actuellement en cours de construction, compl\u00e9t\u00e9 par un parking souterrain pour 220 voitures, un entrep\u00f4t de transbordement, des bureaux et des locaux \u201d, confirme le codirecteur Yves Speliers. \u201c Un nouveau parking pour camions est \u00e9galement pr\u00e9vu. De l'autre c\u00f4t\u00e9 de la rue, il y aura des bureaux suppl\u00e9mentaires. \u201d<\/p>\n\n\n\n<h3 class=\"wp-block-heading\">Concertation \u00e9troite et sur mesure<\/h3>\n\n\n\n<p class=\"wp-block-paragraph\">Pour les travaux de voirie et d'\u00e9gouttage de ces trois chantiers, Hamann s'est adress\u00e9 \u00e0 ses voisins, \u00e0 savoir Wegenwerken De Moor. \u201c Cette collaboration en tant que voisins a permis une excellente coordination et pr\u00e9paration mutuelles des travaux \u201d, confirme Thomas De Lathauwer, administrateur d\u00e9l\u00e9gu\u00e9 de Wegenwerken De Moor.\n\n\u201c Une bonne concertation \u00e9tait certainement n\u00e9cessaire, compte tenu de la complexit\u00e9 des chantiers et de l'utilisation de produits et mat\u00e9riaux sp\u00e9cifiques, tels que des vannes papillon \u00e0 commande automatique, des s\u00e9parateurs KWS et des regards de pompage. Pour cela, nous avons pu compter sur l'\u00e9quipe de Deschacht. \u201d<\/p>\n\n\n\n<h3 class=\"wp-block-heading\">Analyse approfondie<\/h3>\n\n\n\n<p class=\"wp-block-paragraph\">Deschacht n'a pas seulement assur\u00e9 la livraison de tous les mat\u00e9riaux de construction n\u00e9cessaires aux travaux de voirie et de raccordement, mais a \u00e9galement aid\u00e9 le ma\u00eetre d'ouvrage et l'entrepreneur \u00e0 affiner le plan de raccordement. Dirk Stuyven, responsable du bureau d'\u00e9tudes et de l'ing\u00e9nierie chez Deschacht, explique : \u201c Gr\u00e2ce \u00e0 un examen approfondi du dossier, et en concertation avec toutes les parties prenantes, nous avons finalis\u00e9 le plan de raccordement du chantier principal. Nous avons analys\u00e9 le concept complet d'\u00e9coulement, y compris une v\u00e9rification par rapport aux r\u00e9glementations r\u00e9gionales les plus r\u00e9centes en mati\u00e8re de stockage et d'infiltration des eaux pluviales. Sur la base de cet examen, l'\u00e9quipe de construction de Thomas a command\u00e9 tous les mat\u00e9riaux n\u00e9cessaires. \u201d\n\n\u201c Nous avons \u00e9galement fourni les conseils n\u00e9cessaires pour le chantier du nouveau parking pour camions, en nous concentrant sur le dimensionnement correct des tuyaux d'\u00e9vacuation et des s\u00e9parateurs d'huile et d'essence \u201d, conclut Dirk.<\/p>\n\n\n\n<h3 class=\"wp-block-heading\">Liste de commande d\u00e9taill\u00e9e<\/h3>\n\n\n\n<p class=\"wp-block-paragraph\">La liste de commande \u00e9tait tr\u00e8s diversifi\u00e9e, explique Thomas. \u201c Outre les vannes papillon \u00e0 commande automatique d\u00e9j\u00e0 mentionn\u00e9es, les s\u00e9parateurs KWS et les puits de pompage, nous avons \u00e9galement command\u00e9, entre autres, des regards de visite, des tuyaux d'infiltration d'un diam\u00e8tre de 600 millim\u00e8tres, des tuyaux en PVC de tous les diam\u00e8tres n\u00e9cessaires et un r\u00e9servoir de r\u00e9tention \u2013 divis\u00e9 en trois compartiments \u2013 de 30 m\u00e8tres cubes. \u201d<\/p>\n\n\n\n<h3 class=\"wp-block-heading\">Approche proactive<\/h3>\n\n\n\n<p class=\"wp-block-paragraph\">Les Travaux Publics De Moor et Deschacht collaborent depuis de nombreuses ann\u00e9es, et ce n'est pas un hasard. \u201cNous appr\u00e9cions non seulement le support technique et les conseils des experts de Deschacht, mais aussi le fait que la livraison des produits et mat\u00e9riaux command\u00e9s est toujours correcte et se fait dans les d\u00e9lais impartis\u201d, confirme Thomas. \u201cGr\u00e2ce \u00e0 des lignes de communication courtes, ils r\u00e9agissent rapidement \u00e0 nos demandes. Ainsi, nous pouvons toujours offrir un service correct \u00e0 nos propres clients et respecter les plannings de travail pr\u00e9vus.\u201d\n\nYves Speliers appr\u00e9cie l'excellente interaction entre Wegenwerken De Moor et Deschacht. \u201cLeur collaboration prouve que le tout est plus que la somme de ses parties. Gr\u00e2ce \u00e0 l'\u00e9change de connaissances et d'expertise, nous, en tant que ma\u00eetre d'ouvrage, b\u00e9n\u00e9ficions \u00e9galement de cette synergie.\u201d<\/p>\n\n\n\n<figure class=\"wp-block-gallery has-nested-images columns-default is-cropped wp-block-gallery-1 is-layout-flex wp-block-gallery-is-layout-flex\">\n\n<figure class=\"wp-block-image size-large\"><img decoding=\"async\" data-id=\"37635\" src=\"https:\/\/www.deschacht.eu\/wp-content\/uploads\/2026\/05\/20230612_093834806_iOS-scaled-1.jpg\" alt=\"20230612 093834806 iOS redimensionn\u00e9\"\/><\/figure>\n\n\n\n<figure class=\"wp-block-image size-large\"><img decoding=\"async\" data-id=\"37639\" src=\"https:\/\/www.deschacht.eu\/wp-content\/uploads\/2026\/05\/20230612_095643231_iOS-scaled-1.jpg\" alt=\"20230612 095643231 iOS mis \u00e0 l&#039;\u00e9chelle\"\/><\/figure>\n\n\n\n<figure class=\"wp-block-image size-large\"><img decoding=\"async\" data-id=\"37641\" src=\"https:\/\/www.deschacht.eu\/wp-content\/uploads\/2026\/05\/IMG-20230612-WA0000.jpg\" alt=\"IMG 20230612 WA0000\"\/><\/figure>\n\n\n\n<figure class=\"wp-block-image size-large\"><img decoding=\"async\" data-id=\"41432\" src=\"https:\/\/www.deschacht.eu\/wp-content\/uploads\/2026\/05\/h.webp\" alt=\"h\"\/><\/figure>\n\n<\/figure>\n\n\n\n<h3 class=\"wp-block-heading\">Hamann International Logistics<\/h3>\n\n\n\n<p class=\"wp-block-paragraph\">Partenaire sp\u00e9cialis\u00e9 pour les d\u00e9fis logistiques<\/p>\n\n\n\n<figure class=\"wp-block-image size-full\"><img decoding=\"async\" src=\"https:\/\/www.deschacht.eu\/wp-content\/uploads\/2026\/05\/20230612_093834806_iOS-scaled-1.webp\" alt=\"20230612 093834806 iOS mis \u00e0 l&#039;\u00e9chelle 1\"\/><\/figure>","protected":false},"featured_media":2597,"template":"","meta":{"_acf_changed":false},"activiteiten":[177,174],"producten":[142,143,147],"class_list":["post-2592","realisaties","type-realisaties","status-publish","has-post-thumbnail","hentry","activiteiten-engineering","activiteiten-weg-en-rioolwerken","producten-afscheiders","producten-pompputten","producten-riolering"],"acf":[],"yoast_head":"<!-- This site is optimized with the Yoast SEO plugin v28.4 - https:\/\/yoast.com\/product\/yoast-seo-wordpress\/ -->\n<title>Uitbreiding Hamann International Logistics<\/title>\n<meta name=\"description\" content=\"Hamann International Logistics breidt zijn vestiging in Wetteren uit met materialen van Deschacht.\" \/>\n<meta name=\"robots\" content=\"index, follow, max-snippet:-1, max-image-preview:large, max-video-preview:-1\" \/>\n<link rel=\"canonical\" href=\"https:\/\/www.deschacht.eu\/fr\/realisations\/hamann-international-logistics-etend-son-site-de-wetteren\/\" \/>\n<meta property=\"og:locale\" content=\"fr_FR\" \/>\n<meta property=\"og:type\" content=\"article\" \/>\n<meta property=\"og:title\" content=\"Uitbreiding Hamann International Logistics\" \/>\n<meta property=\"og:description\" content=\"Hamann International Logistics breidt zijn vestiging in Wetteren uit met materialen van Deschacht.\" \/>\n<meta property=\"og:url\" content=\"https:\/\/www.deschacht.eu\/fr\/realisations\/hamann-international-logistics-etend-son-site-de-wetteren\/\" \/>\n<meta property=\"og:site_name\" content=\"Deschacht Bouwmaterialen\" \/>\n<meta property=\"article:modified_time\" content=\"2026-05-27T13:02:06+00:00\" \/>\n<meta property=\"og:image\" content=\"https:\/\/www.deschacht.eu\/wp-content\/uploads\/2026\/05\/20230612_093834806_iOS-scaled-1.webp\" \/>\n\t<meta property=\"og:image:width\" content=\"600\" \/>\n\t<meta property=\"og:image:height\" content=\"338\" \/>\n\t<meta property=\"og:image:type\" content=\"image\/webp\" \/>\n<meta name=\"twitter:card\" content=\"summary_large_image\" \/>\n<meta name=\"twitter:label1\" content=\"Dur\u00e9e de lecture estim\u00e9e\" \/>\n\t<meta name=\"twitter:data1\" content=\"3 minutes\" \/>\n<script type=\"application\/ld+json\" class=\"yoast-schema-graph\">{\"@context\":\"https:\\\/\\\/schema.org\",\"@graph\":[{\"@type\":\"WebPage\",\"@id\":\"https:\\\/\\\/www.deschacht.eu\\\/realisaties\\\/hamann-international-logistics-breidt-vestiging-in-wetteren-uit\\\/\",\"url\":\"https:\\\/\\\/www.deschacht.eu\\\/realisaties\\\/hamann-international-logistics-breidt-vestiging-in-wetteren-uit\\\/\",\"name\":\"Uitbreiding Hamann International Logistics\",\"isPartOf\":{\"@id\":\"https:\\\/\\\/www.deschacht.eu\\\/#website\"},\"primaryImageOfPage\":{\"@id\":\"https:\\\/\\\/www.deschacht.eu\\\/realisaties\\\/hamann-international-logistics-breidt-vestiging-in-wetteren-uit\\\/#primaryimage\"},\"image\":{\"@id\":\"https:\\\/\\\/www.deschacht.eu\\\/realisaties\\\/hamann-international-logistics-breidt-vestiging-in-wetteren-uit\\\/#primaryimage\"},\"thumbnailUrl\":\"https:\\\/\\\/www.deschacht.eu\\\/wp-content\\\/uploads\\\/2026\\\/05\\\/20230612_093834806_iOS-scaled-1.webp\",\"datePublished\":\"2023-08-02T12:34:03+00:00\",\"dateModified\":\"2026-05-27T13:02:06+00:00\",\"description\":\"Hamann International Logistics breidt zijn vestiging in Wetteren uit met materialen van Deschacht.\",\"breadcrumb\":{\"@id\":\"https:\\\/\\\/www.deschacht.eu\\\/realisaties\\\/hamann-international-logistics-breidt-vestiging-in-wetteren-uit\\\/#breadcrumb\"},\"inLanguage\":\"fr-FR\",\"potentialAction\":[{\"@type\":\"ReadAction\",\"target\":[\"https:\\\/\\\/www.deschacht.eu\\\/realisaties\\\/hamann-international-logistics-breidt-vestiging-in-wetteren-uit\\\/\"]}]},{\"@type\":\"ImageObject\",\"inLanguage\":\"fr-FR\",\"@id\":\"https:\\\/\\\/www.deschacht.eu\\\/realisaties\\\/hamann-international-logistics-breidt-vestiging-in-wetteren-uit\\\/#primaryimage\",\"url\":\"https:\\\/\\\/www.deschacht.eu\\\/wp-content\\\/uploads\\\/2026\\\/05\\\/20230612_093834806_iOS-scaled-1.webp\",\"contentUrl\":\"https:\\\/\\\/www.deschacht.eu\\\/wp-content\\\/uploads\\\/2026\\\/05\\\/20230612_093834806_iOS-scaled-1.webp\",\"width\":600,\"height\":338},{\"@type\":\"BreadcrumbList\",\"@id\":\"https:\\\/\\\/www.deschacht.eu\\\/realisaties\\\/hamann-international-logistics-breidt-vestiging-in-wetteren-uit\\\/#breadcrumb\",\"itemListElement\":[{\"@type\":\"ListItem\",\"position\":1,\"name\":\"Home\",\"item\":\"https:\\\/\\\/www.deschacht.eu\\\/\"},{\"@type\":\"ListItem\",\"position\":2,\"name\":\"Hamann International Logistics breidt vestiging in Wetteren uit\"}]},{\"@type\":\"WebSite\",\"@id\":\"https:\\\/\\\/www.deschacht.eu\\\/#website\",\"url\":\"https:\\\/\\\/www.deschacht.eu\\\/\",\"name\":\"Deschacht Bouwmaterialen\",\"description\":\"Impact en verandering in de bouwsector.\",\"publisher\":{\"@id\":\"https:\\\/\\\/www.deschacht.eu\\\/#organization\"},\"potentialAction\":[{\"@type\":\"SearchAction\",\"target\":{\"@type\":\"EntryPoint\",\"urlTemplate\":\"https:\\\/\\\/www.deschacht.eu\\\/?s={search_term_string}\"},\"query-input\":{\"@type\":\"PropertyValueSpecification\",\"valueRequired\":true,\"valueName\":\"search_term_string\"}}],\"inLanguage\":\"fr-FR\"},{\"@type\":\"Organization\",\"@id\":\"https:\\\/\\\/www.deschacht.eu\\\/#organization\",\"name\":\"Deschacht Bouwmaterialen\",\"url\":\"https:\\\/\\\/www.deschacht.eu\\\/\",\"logo\":{\"@type\":\"ImageObject\",\"inLanguage\":\"fr-FR\",\"@id\":\"https:\\\/\\\/www.deschacht.eu\\\/#\\\/schema\\\/logo\\\/image\\\/\",\"url\":\"https:\\\/\\\/www.deschacht.eu\\\/wp-content\\\/uploads\\\/2026\\\/03\\\/Deschacht-Logo.svg\",\"contentUrl\":\"https:\\\/\\\/www.deschacht.eu\\\/wp-content\\\/uploads\\\/2026\\\/03\\\/Deschacht-Logo.svg\",\"caption\":\"Deschacht Bouwmaterialen\"},\"image\":{\"@id\":\"https:\\\/\\\/www.deschacht.eu\\\/#\\\/schema\\\/logo\\\/image\\\/\"}}]}<\/script>\n<!-- \/ Yoast SEO plugin. -->","yoast_head_json":{"title":"Extension de Hamann International Logistics","description":"Hamann International Logistics \u00e9tend son site de Wetteren avec des mat\u00e9riaux de Deschacht.","robots":{"index":"index","follow":"follow","max-snippet":"max-snippet:-1","max-image-preview":"max-image-preview:large","max-video-preview":"max-video-preview:-1"},"canonical":"https:\/\/www.deschacht.eu\/fr\/realisations\/hamann-international-logistics-etend-son-site-de-wetteren\/","og_locale":"fr_FR","og_type":"article","og_title":"Uitbreiding Hamann International Logistics","og_description":"Hamann International Logistics breidt zijn vestiging in Wetteren uit met materialen van Deschacht.","og_url":"https:\/\/www.deschacht.eu\/fr\/realisations\/hamann-international-logistics-etend-son-site-de-wetteren\/","og_site_name":"Deschacht Bouwmaterialen","article_modified_time":"2026-05-27T13:02:06+00:00","og_image":[{"width":600,"height":338,"url":"https:\/\/www.deschacht.eu\/wp-content\/uploads\/2026\/05\/20230612_093834806_iOS-scaled-1.webp","type":"image\/webp"}],"twitter_card":"summary_large_image","twitter_misc":{"Dur\u00e9e de lecture estim\u00e9e":"3 minutes"},"schema":{"@context":"https:\/\/schema.org","@graph":[{"@type":"WebPage","@id":"https:\/\/www.deschacht.eu\/realisaties\/hamann-international-logistics-breidt-vestiging-in-wetteren-uit\/","url":"https:\/\/www.deschacht.eu\/realisaties\/hamann-international-logistics-breidt-vestiging-in-wetteren-uit\/","name":"Extension de Hamann International Logistics","isPartOf":{"@id":"https:\/\/www.deschacht.eu\/#website"},"primaryImageOfPage":{"@id":"https:\/\/www.deschacht.eu\/realisaties\/hamann-international-logistics-breidt-vestiging-in-wetteren-uit\/#primaryimage"},"image":{"@id":"https:\/\/www.deschacht.eu\/realisaties\/hamann-international-logistics-breidt-vestiging-in-wetteren-uit\/#primaryimage"},"thumbnailUrl":"https:\/\/www.deschacht.eu\/wp-content\/uploads\/2026\/05\/20230612_093834806_iOS-scaled-1.webp","datePublished":"2023-08-02T12:34:03+00:00","dateModified":"2026-05-27T13:02:06+00:00","description":"Hamann International Logistics \u00e9tend son site de Wetteren avec des mat\u00e9riaux de Deschacht.","breadcrumb":{"@id":"https:\/\/www.deschacht.eu\/realisaties\/hamann-international-logistics-breidt-vestiging-in-wetteren-uit\/#breadcrumb"},"inLanguage":"fr-FR","potentialAction":[{"@type":"ReadAction","target":["https:\/\/www.deschacht.eu\/realisaties\/hamann-international-logistics-breidt-vestiging-in-wetteren-uit\/"]}]},{"@type":"ImageObject","inLanguage":"fr-FR","@id":"https:\/\/www.deschacht.eu\/realisaties\/hamann-international-logistics-breidt-vestiging-in-wetteren-uit\/#primaryimage","url":"https:\/\/www.deschacht.eu\/wp-content\/uploads\/2026\/05\/20230612_093834806_iOS-scaled-1.webp","contentUrl":"https:\/\/www.deschacht.eu\/wp-content\/uploads\/2026\/05\/20230612_093834806_iOS-scaled-1.webp","width":600,"height":338},{"@type":"BreadcrumbList","@id":"https:\/\/www.deschacht.eu\/realisaties\/hamann-international-logistics-breidt-vestiging-in-wetteren-uit\/#breadcrumb","itemListElement":[{"@type":"ListItem","position":1,"name":"Home","item":"https:\/\/www.deschacht.eu\/"},{"@type":"ListItem","position":2,"name":"Hamann International Logistics breidt vestiging in Wetteren uit"}]},{"@type":"WebSite","@id":"https:\/\/www.deschacht.eu\/#website","url":"https:\/\/www.deschacht.eu\/","name":"Deschacht Mat\u00e9riaux de construction","description":"Impact et changement dans le secteur de la construction.","publisher":{"@id":"https:\/\/www.deschacht.eu\/#organization"},"potentialAction":[{"@type":"SearchAction","target":{"@type":"EntryPoint","urlTemplate":"https:\/\/www.deschacht.eu\/?s={search_term_string}"},"query-input":{"@type":"PropertyValueSpecification","valueRequired":true,"valueName":"search_term_string"}}],"inLanguage":"fr-FR"},{"@type":"Organization","@id":"https:\/\/www.deschacht.eu\/#organization","name":"Deschacht Mat\u00e9riaux de construction","url":"https:\/\/www.deschacht.eu\/","logo":{"@type":"ImageObject","inLanguage":"fr-FR","@id":"https:\/\/www.deschacht.eu\/#\/schema\/logo\/image\/","url":"https:\/\/www.deschacht.eu\/wp-content\/uploads\/2026\/03\/Deschacht-Logo.svg","contentUrl":"https:\/\/www.deschacht.eu\/wp-content\/uploads\/2026\/03\/Deschacht-Logo.svg","caption":"Deschacht Bouwmaterialen"},"image":{"@id":"https:\/\/www.deschacht.eu\/#\/schema\/logo\/image\/"}}]}},"_links":{"self":[{"href":"https:\/\/www.deschacht.eu\/fr\/wp-json\/wp\/v2\/realisaties\/2592","targetHints":{"allow":["GET"]}}],"collection":[{"href":"https:\/\/www.deschacht.eu\/fr\/wp-json\/wp\/v2\/realisaties"}],"about":[{"href":"https:\/\/www.deschacht.eu\/fr\/wp-json\/wp\/v2\/types\/realisaties"}],"wp:featuredmedia":[{"embeddable":true,"href":"https:\/\/www.deschacht.eu\/fr\/wp-json\/wp\/v2\/media\/2597"}],"wp:attachment":[{"href":"https:\/\/www.deschacht.eu\/fr\/wp-json\/wp\/v2\/media?parent=2592"}],"wp:term":[{"taxonomy":"activiteiten","embeddable":true,"href":"https:\/\/www.deschacht.eu\/fr\/wp-json\/wp\/v2\/activiteiten?post=2592"},{"taxonomy":"producten","embeddable":true,"href":"https:\/\/www.deschacht.eu\/fr\/wp-json\/wp\/v2\/producten?post=2592"}],"curies":[{"name":"bien jou\u00e9","href":"https:\/\/api.w.org\/{rel}","templated":true}]}}