{"id":51685,"date":"2026-04-21T12:59:35","date_gmt":"2026-04-21T11:59:35","guid":{"rendered":"https:\/\/www.deschacht.eu\/project\/van-eyck-park-waterbeheer-groendak\/"},"modified":"2026-04-23T08:08:51","modified_gmt":"2026-04-23T07:08:51","slug":"van-eyck-park-gestion-intelligente-de-l-eau-et-toiture-vegetalisee-intensive-en-plein-centre-ville","status":"publish","type":"portfolio","link":"https:\/\/www.deschacht.eu\/fr\/project\/van-eyck-park-gestion-intelligente-de-l-eau-et-toiture-vegetalisee-intensive-en-plein-centre-ville\/","title":{"rendered":"Van Eyck Park : gestion intelligente de l\u2019eau et toit v\u00e9g\u00e9talis\u00e9 intensif en plein centre-ville"},"content":{"rendered":"<div class=\"wpb-content-wrapper\">[vc_row][vc_column width=&#8221;2\/3&#8243;][vc_column_text css=&#8221;&#8221;]Au c\u0153ur de la ville, le projet r\u00e9sidentiel Van Eyck Park prend forme comme un environnement de vie contemporain et verdoyant. En coulisses, une gestion de l\u2019eau r\u00e9fl\u00e9chie joue un r\u00f4le crucial. Pour ce projet, l\u2019ensemble du r\u00e9seau d\u2019\u00e9gouttage souterrain, un bassin tampon avec syst\u00e8me d\u2019infiltration et un toit v\u00e9g\u00e9talis\u00e9 intensif ont \u00e9t\u00e9 r\u00e9alis\u00e9s avec des solutions de Deschacht. Gr\u00e2ce \u00e0 la collaboration entre l\u2019entrepreneur principal AB Eiffage et le sp\u00e9cialiste des espaces verts Kreekhof Tuinen, un ensemble techniquement solide et durable a \u00e9t\u00e9 r\u00e9alis\u00e9, o\u00f9 la gestion tampon des eaux et la verdure urbaine vont de pair.<\/p>\n<h3><strong>Habiter dans la verdure en milieu urbain<\/strong><\/h3>\n<p>Le projet Van Eyck Park est situ\u00e9 en plein centre-ville et combine habitat contemporain et am\u00e9nagement paysager verdoyant. Dans un contexte urbain o\u00f9 l\u2019espace est limit\u00e9, il devient de plus en plus important d\u2019int\u00e9grer davantage de verdure dans les nouveaux d\u00e9veloppements. Parall\u00e8lement, les projets de construction sont confront\u00e9s \u00e0 des r\u00e9glementations de plus en plus strictes concernant la gestion des eaux pluviales et l\u2019infiltration.<\/p>\n<p data-start=\"0\" data-end=\"63\">Van Eyck Park r\u00e9pond \u00e0 ces enjeux en combinant trois syst\u00e8mes :<\/p>\n<ul data-start=\"65\" data-end=\"223\" data-is-last-node=\"\" data-is-only-node=\"\">\n<li data-start=\"65\" data-end=\"111\">une infrastructure hydraulique souterraine<\/li>\n<li data-start=\"112\" data-end=\"166\">un bassin de r\u00e9tention avec syst\u00e8me d\u2019infiltration<\/li>\n<li data-start=\"167\" data-end=\"223\" data-is-last-node=\"\">une toiture v\u00e9g\u00e9talis\u00e9e intensive au-dessus du parking<\/li>\n<\/ul>\n<p>C\u2019est pr\u00e9cis\u00e9ment l\u00e0 que s\u2019inscrivent l\u2019expertise et les produits de Deschacht.<\/p>\n<h3><strong>Une infrastructure d\u2019\u00e9gouttage souterraine comme base du projet<\/strong><\/h3>\n<p>La base de la gestion de l\u2019eau dans Van Eyck Park se trouve sous terre. Pour ce projet, un r\u00e9seau complet d\u2019\u00e9gouts souterrains a \u00e9t\u00e9 install\u00e9, comprenant toutes les conduites en PE ainsi que plusieurs regards PE sur mesure. Cette infrastructure assure une \u00e9vacuation et une r\u00e9gulation efficaces des eaux pluviales et des eaux us\u00e9es du projet.<\/p>\n<p>En compl\u00e9ment de l\u2019\u00e9gouttage, un bassin tampon a \u00e9t\u00e9 install\u00e9 afin de stocker temporairement les eaux de pluie. Des solutions d\u2019infiltration avec des modules Controlbox ont \u00e9t\u00e9 utilis\u00e9es, plac\u00e9es en deux rang\u00e9es en fonction de l\u2019espace disponible sur le site.<\/p>\n<p>Fonctions principales du syst\u00e8me :<\/p>\n<ul>\n<li data-start=\"0\" data-end=\"44\">tamponnage temporaire des eaux pluviales<\/li>\n<li data-start=\"45\" data-end=\"83\">infiltration contr\u00f4l\u00e9e dans le sol<\/li>\n<li data-start=\"84\" data-end=\"137\" data-is-last-node=\"\">r\u00e9duction des pics de charge sur le r\u00e9seau d\u2019\u00e9gouttage<\/li>\n<\/ul>\n<h3><strong>Toit v\u00e9g\u00e9talis\u00e9 intensif au-dessus d\u2019un parking souterrain<\/strong><\/h3>\n<p>L\u2019un des \u00e9l\u00e9ments les plus marquants du projet est le toit v\u00e9g\u00e9talis\u00e9 intensif am\u00e9nag\u00e9 au-dessus du niveau sous-sol servant de parking. Cela permet une utilisation maximale de l\u2019espace disponible et cr\u00e9e, au-dessus des infrastructures souterraines, une v\u00e9ritable zone verte.<\/p>\n<p>Pour absorber la diff\u00e9rence de niveau entre le sous-sol et les b\u00e2timents environnants, un syst\u00e8me de talus en Isomo a d\u2019abord \u00e9t\u00e9 mis en place sur l\u2019\u00e9tanch\u00e9it\u00e9 du sous-sol. Cela \u00e9tait n\u00e9cessaire pour compenser une diff\u00e9rence de niveau de pr\u00e8s d\u2019un m\u00e8tre et assurer une jonction correcte avec les fa\u00e7ades.<\/p>\n<p>Par-dessus, un syst\u00e8me de toit v\u00e9g\u00e9talis\u00e9 intensif de Deschacht a \u00e9t\u00e9 install\u00e9 sur une surface totale d\u2019environ 1.050 m\u00b2. Le syst\u00e8me se compose de diff\u00e9rentes couches assurant protection, r\u00e9tention d\u2019eau et drainage :<\/p>\n<ul>\n<li>Greenfix Protect 300 g<\/li>\n<li>Greenfix Filter 100 g<\/li>\n<li>Membrane anti-racines Greenfix 0,5 mm<\/li>\n<li>Greenfix Drain Premium Heavy (10 cm)<\/li>\n<\/ul>\n<p>Ce toit v\u00e9g\u00e9talis\u00e9 intensif combine une forte capacit\u00e9 de r\u00e9tention d\u2019eau avec une structure robuste adapt\u00e9e \u00e0 une zone v\u00e9g\u00e9tale intensive. Le r\u00e9sultat est un espace vert qui apporte non seulement une valeur esth\u00e9tique aux habitants, mais contribue \u00e9galement \u00e0 la gestion de l\u2019eau et \u00e0 l\u2019adaptation climatique en milieu urbain.<\/p>\n<h3><strong>Une solide collaboration entre les entreprises partenaires<\/strong><\/h3>\n<p>L\u2019entreprise g\u00e9n\u00e9rale du projet est assur\u00e9e par AB Eiffage, qui a pris en charge la coordination et la r\u00e9alisation du projet r\u00e9sidentiel.<\/p>\n<p>Pour les travaux d\u2019\u00e9gouttage et la r\u00e9alisation du toit v\u00e9g\u00e9talis\u00e9, une collaboration a \u00e9t\u00e9 mise en place avec Kreekhof Tuinen. Cette entreprise est reconnue pour son expertise dans l\u2019am\u00e9nagement de jardins, les toitures v\u00e9g\u00e9talis\u00e9es et la gestion de l\u2019eau dans des projets de construction complexes.<\/p>\n<p>Selon Simon de Kreekhof Tuinen, la collaboration avec Deschacht constitue une r\u00e9elle valeur ajout\u00e9e pour ce type de projets :<\/p>\n<p>\u00ab Pour des projets comme Van Eyck Park, une approche r\u00e9fl\u00e9chie de la gestion tampon des eaux et des toitures v\u00e9g\u00e9talis\u00e9es est essentielle. Avec Deschacht, nous collaborons avec un partenaire qui fournit non seulement les bons produits, mais aussi l\u2019expertise technique n\u00e9cessaire. Cela permet de parvenir \u00e0 des solutions durables et bien pens\u00e9es, m\u00eame dans un contexte urbain complexe. \u00bb<\/p>\n<p>Avec Van Eyck Park, l\u2019\u00e9quipe du projet d\u00e9montre comment des techniques innovantes et des choix de mat\u00e9riaux intelligents contribuent \u00e0 une ville plus verte, o\u00f9 gestion de l\u2019eau, qualit\u00e9 de vie et utilisation de l\u2019espace sont parfaitement harmonis\u00e9es.[\/vc_column_text]<style type=\"text\/css\" >#b_yfs46ebdwufm8nhkll05 a{color:#ffffff; background:#082C5D; margin-top:px; margin-bottom:px;  margin-left:px; margin-right:px; font-weight:700; border-radius:8px;}#b_yfs46ebdwufm8nhkll05 a:hover{color:#ffffff ; background:#FCF6E3 ;}<\/style><div class=\"ta_left tf_btn_pos\" id=\"b_yfs46ebdwufm8nhkll05\" ><a class=\"rd_normal_bt medium_rd_bt bt_icon_right   \" href=\"https:\/\/www.deschacht.eu\/fr\/contact-toiture\/\" target=\"yes\"   ><span>Contactez notre \u00e9quipe de toiture<\/span><i class=\"fa-arrow-right\" ><\/i><\/a><\/div><style type='text\/css'> @font-face{font-family: 'fa'; src:url('https:\/\/www.deschacht.eu\/wp-content\/themes\/deschacht\/includes\/4k-icons\/icons\/4k-icons-pack02\/icons\/fonts\/fa.eot'); src:url('https:\/\/www.deschacht.eu\/wp-content\/themes\/deschacht\/includes\/4k-icons\/icons\/4k-icons-pack02\/icons\/fonts\/fa.eot?#iefix') format('embedded-opentype'), url('https:\/\/www.deschacht.eu\/wp-content\/themes\/deschacht\/includes\/4k-icons\/icons\/4k-icons-pack02\/icons\/fonts\/fa.woff') format('woff'), url('https:\/\/www.deschacht.eu\/wp-content\/themes\/deschacht\/includes\/4k-icons\/icons\/4k-icons-pack02\/icons\/fonts\/fa.ttf') format('truetype'), url('https:\/\/www.deschacht.eu\/wp-content\/themes\/deschacht\/includes\/4k-icons\/icons\/4k-icons-pack02\/icons\/fonts\/fa.svg#oi') format('svg'); font-weight: normal; font-style: normal;}#b_yfs46ebdwufm8nhkll05 .fa-arrow-right:before{font-family: 'fa'; font-weight: normal; font-style: normal;}#b_yfs46ebdwufm8nhkll05 .fa-arrow-right:before{content: \"\\f061\";}<\/style>\n[\/vc_column][vc_column width=&#8221;1\/3&#8243;][vc_row_inner][vc_column_inner css=&#8221;.vc_custom_1773742280172{background-color: #f5f7f9 !important;border-radius: 10px !important;}&#8221;][vc_column_text css=&#8221;.vc_custom_1776927820073{padding-top: 30px !important;padding-right: 30px !important;padding-bottom: 30px !important;padding-left: 30px !important;}&#8221;]\n<h3><strong>Produits:\u00a0<\/strong><\/h3>\n<ul>\n<li><a href=\"https:\/\/shop.deschacht.eu\/fr-fr\/chambres-de-visite-pvc-pe\/produits\/24121\">Chambres de visite PVC\/PE<\/a><\/li>\n<li><a href=\"https:\/\/shop.deschacht.eu\/fr-fr\/caisses-dinfiltration-et-accessoires\/produits\/13972\">Caisses d&#8217;infiltration et accessoires<\/a><\/li>\n<li><a href=\"https:\/\/www.deschacht.eu\/fr\/engineering\/toitures-vegetale\/toit-vert-intensifs\/\">Toit vert intensif Greenfix<\/a><\/li>\n<\/ul>\n[\/vc_column_text][\/vc_column_inner][\/vc_row_inner][\/vc_column][\/vc_row][vc_row][vc_column][vc_empty_space height=&#8221;60px&#8221;][\/vc_column][\/vc_row][vc_row][vc_column]<div class=\"rd_img_gallery_ctn clearfix\" style=\"margin:0px auto 0px;\"><a class=\"ig_col_3 \" href=\"https:\/\/www.deschacht.eu\/wp-content\/uploads\/2026\/04\/IMG_8063.jpg\"  rel=\"prettyPhoto[rel-2147120874]\" ><img decoding=\"async\" class=\"\" src=\"https:\/\/www.deschacht.eu\/wp-content\/uploads\/2026\/04\/IMG_8063-300x200.jpg\" width=\"300\" height=\"200\" alt=\"IMG_8063\" title=\"IMG_8063\" loading=\"lazy\" \/><\/a><a class=\"ig_col_3 \" href=\"https:\/\/www.deschacht.eu\/wp-content\/uploads\/2026\/04\/IMG_8066.jpg\"  rel=\"prettyPhoto[rel-2147120874]\" ><img decoding=\"async\" class=\"\" src=\"https:\/\/www.deschacht.eu\/wp-content\/uploads\/2026\/04\/IMG_8066-300x200.jpg\" width=\"300\" height=\"200\" alt=\"IMG_8066\" title=\"IMG_8066\" loading=\"lazy\" \/><\/a><a class=\"ig_col_3 \" href=\"https:\/\/www.deschacht.eu\/wp-content\/uploads\/2026\/04\/IMG_8067.jpg\"  rel=\"prettyPhoto[rel-2147120874]\" ><img decoding=\"async\" class=\"\" src=\"https:\/\/www.deschacht.eu\/wp-content\/uploads\/2026\/04\/IMG_8067-300x200.jpg\" width=\"300\" height=\"200\" alt=\"IMG_8067\" title=\"IMG_8067\" loading=\"lazy\" \/><\/a><a class=\"ig_col_3 \" href=\"https:\/\/www.deschacht.eu\/wp-content\/uploads\/2026\/04\/IMG_8068.jpg\"  rel=\"prettyPhoto[rel-2147120874]\" ><img decoding=\"async\" class=\"\" src=\"https:\/\/www.deschacht.eu\/wp-content\/uploads\/2026\/04\/IMG_8068-300x200.jpg\" width=\"300\" height=\"200\" alt=\"IMG_8068\" title=\"IMG_8068\" loading=\"lazy\" \/><\/a><a class=\"ig_col_3 \" href=\"https:\/\/www.deschacht.eu\/wp-content\/uploads\/2026\/04\/IMG_8070.jpg\"  rel=\"prettyPhoto[rel-2147120874]\" ><img decoding=\"async\" class=\"\" src=\"https:\/\/www.deschacht.eu\/wp-content\/uploads\/2026\/04\/IMG_8070-300x200.jpg\" width=\"300\" height=\"200\" alt=\"IMG_8070\" title=\"IMG_8070\" loading=\"lazy\" \/><\/a><a class=\"ig_col_3 \" href=\"https:\/\/www.deschacht.eu\/wp-content\/uploads\/2026\/04\/IMG_8071.jpg\"  rel=\"prettyPhoto[rel-2147120874]\" ><img decoding=\"async\" class=\"\" src=\"https:\/\/www.deschacht.eu\/wp-content\/uploads\/2026\/04\/IMG_8071-300x200.jpg\" width=\"300\" height=\"200\" alt=\"IMG_8071\" title=\"IMG_8071\" loading=\"lazy\" \/><\/a><\/div>[vc_empty_space][vc_column_text css=&#8221;&#8221;]\n<h2>FAQ<\/h2>\n[\/vc_column_text][vc_column_text css=&#8221;&#8221;]\n<h3>1. Quel est l\u2019objectif de la r\u00e9tention des eaux dans le Van Eyck Park ?<\/h3>\n<p data-start=\"70\" data-end=\"232\">La r\u00e9tention des eaux permet de stocker temporairement les eaux pluviales et de les \u00e9vacuer de mani\u00e8re retard\u00e9e, afin de r\u00e9duire la charge sur le r\u00e9seau d\u2019\u00e9gouts.<\/p>\n<h3 data-start=\"234\" data-end=\"282\">2. Qu\u2019est-ce qu\u2019une toiture v\u00e9g\u00e9talis\u00e9e intensive ?<\/h3>\n<p data-start=\"284\" data-end=\"449\">Une toiture v\u00e9g\u00e9talis\u00e9e intensive est une toiture lourde et am\u00e9nag\u00e9e, adapt\u00e9e \u00e0 la v\u00e9g\u00e9tation, \u00e0 la r\u00e9tention d\u2019eau et \u00e0 une utilisation comme v\u00e9ritable espace vert.<\/p>\n<h3 data-start=\"451\" data-end=\"518\">3. Pourquoi associer une toiture v\u00e9g\u00e9talis\u00e9e \u00e0 un parking souterrain ?<\/h3>\n<p data-start=\"520\" data-end=\"682\">Parce que cela permet une utilisation optimale de l\u2019espace : au-dessus du parking, une zone verte est cr\u00e9\u00e9e sans occuper d\u2019espace suppl\u00e9mentaire au niveau du sol.<\/p>\n<h3 data-start=\"684\" data-end=\"731\">4. Quel r\u00f4le joue Kreekhof Tuinen dans ce projet ?<\/h3>\n<p data-start=\"733\" data-end=\"866\" data-is-last-node=\"\" data-is-only-node=\"\">Kreekhof Tuinen \u00e9tait responsable de la r\u00e9alisation de la toiture v\u00e9g\u00e9talis\u00e9e et de l\u2019int\u00e9gration des solutions vertes et techniques.<\/p>\n[\/vc_column_text][\/vc_column][\/vc_row][vc_row type=&#8221;full-width-section&#8221; el_class=&#8221;blokkendoelgroepen&#8221; css=&#8221;.vc_custom_1681304880071{padding-top: 50px !important;padding-bottom: 50px !important;}&#8221;][vc_column][vc_empty_space height=&#8221;70px&#8221;][vc_column_text css=&#8221;.vc_custom_1776927960820{margin-bottom: 15px !important;}&#8221;]\n<h2><span title=\"\">Voir toutes les r\u00e9alisations ici<\/span><\/h2>\n[\/vc_column_text][vc_empty_space height=&#8221;10px&#8221;]<script>jQuery.noConflict(); var $ = jQuery; <\/script><div id=\"randomsacujtebz20qorotbout_port\" class=\"portfolio\"><style type=\"text\/css\" >#randomsacujtebz20qorotbout_port .filter_type_1 #options .selected a,#randomsacujtebz20qorotbout_port .filter_type_1 #options a:hover{background:#b88c0d; border:1px solid #b88c0d; color:#fff;}#randomsacujtebz20qorotbout_port .filter_type_1 #options a{border:1px solid #ededed}#randomsacujtebz20qorotbout_port .filter_type_1 #options a{background:#ffffff}#randomsacujtebz20qorotbout_port .filter_type_1 #options a{color:#333333}<\/style><style type=\"text\/css\" >#randomsacujtebz20qorotbout_port .ico_link{background:!important;}<\/style><style type=\"text\/css\" >#randomsacujtebz20qorotbout_port .filter_img{border:1px solid #efefef; border-bottom:none;}#randomsacujtebz20qorotbout_port .port_item_details{border:1px solid #efefef; border-top:none;}#randomsacujtebz20qorotbout_port .port_item_details {background:#fec92e}#randomsacujtebz20qorotbout_port .port_item_details a h2{color:#ffffff}#randomsacujtebz20qorotbout_port .port_item_details h3{color:#ffffff}#randomsacujtebz20qorotbout_port .element:hover .filter_img{border:1px solid #efefef; border-bottom:none;}#randomsacujtebz20qorotbout_port .element:hover .port_item_details{border:1px solid #efefef; border-top:none;}#randomsacujtebz20qorotbout_port .element:hover .port_item_details{background:#082c5d}#randomsacujtebz20qorotbout_port .element:hover .port_item_details a h2{color:#ffffff}#randomsacujtebz20qorotbout_port .element:hover .port_item_details h3{color:#ffffff}<\/style><div class=\"portfolio_block image-grid columns3 port_type_5 rd_hover_bubba thumbnail_type_1\" id=\"list\">\n\n                <\/div><!-- .portfolio_block -->\n\n                <div class=\"rd_clear\"><!-- ClearFix --><\/div><\/div>  <script>\n\n\n\njQuery.noConflict();\njQuery(document).ready(function($){\n\"use strict\";\n            \n $(window).load(function(){\n\n\t$(\"#randomsacujtebz20qorotbout_port .optionset li a\").each(function() {\n\n\t\t\t\t\t\t\t\tvar filter_class = $(this).attr('data-option-value');\n\t\t\t\t\t\t\t\t if ($('#randomsacujtebz20qorotbout_port').find(filter_class).length){ \/\/ implies *not* zero\n\t\t\t\t\t\t\t\t$(this).parent('li').show();\n\t\t\t\t\t\t\t\t }else{\n\t\t\t\t\t\t\t\t$(this).parent('li').hide();\n\t\t\t\t\t\t\t\t }\n\n\n\t\t\t\t\t\t\t\t});\n\n                            $('#portfolio-tags').css('opacity','1');\nfunction watchport() {\n\n$(\"#randomsacujtebz20qorotbout_port .portfolio_block\").isotope('layout');\n\t\t\t\n}\n\nsetInterval(watchport, 100);\n\n\n\n                });\n\n                });\n            <\/script>\n  [vc_empty_space height=&#8221;35px&#8221;]<style type=\"text\/css\" >#b_1fy4cm8i440se1tlz4v5 a{color:#ffffff; background:#FEC92E; margin-top:px; margin-bottom:px;  margin-left:px; margin-right:px; font-weight:700; border-radius:8px;}#b_1fy4cm8i440se1tlz4v5 a:hover{color:#ffffff ; background:#FCF6E3 ;}<\/style><div class=\"ta_left tf_btn_pos\" id=\"b_1fy4cm8i440se1tlz4v5\" ><a class=\"rd_normal_bt medium_rd_bt bt_icon_right   \" href=\"https:\/\/www.deschacht.eu\/realisaties\/\" target=\"\"   ><span>Bekijk alle realisaties<\/span><i class=\"fa-arrow-right\" ><\/i><\/a><\/div><style type='text\/css'> @font-face{font-family: 'fa'; src:url('https:\/\/www.deschacht.eu\/wp-content\/themes\/deschacht\/includes\/4k-icons\/icons\/4k-icons-pack02\/icons\/fonts\/fa.eot'); src:url('https:\/\/www.deschacht.eu\/wp-content\/themes\/deschacht\/includes\/4k-icons\/icons\/4k-icons-pack02\/icons\/fonts\/fa.eot?#iefix') format('embedded-opentype'), url('https:\/\/www.deschacht.eu\/wp-content\/themes\/deschacht\/includes\/4k-icons\/icons\/4k-icons-pack02\/icons\/fonts\/fa.woff') format('woff'), url('https:\/\/www.deschacht.eu\/wp-content\/themes\/deschacht\/includes\/4k-icons\/icons\/4k-icons-pack02\/icons\/fonts\/fa.ttf') format('truetype'), url('https:\/\/www.deschacht.eu\/wp-content\/themes\/deschacht\/includes\/4k-icons\/icons\/4k-icons-pack02\/icons\/fonts\/fa.svg#oi') format('svg'); font-weight: normal; font-style: normal;}#b_1fy4cm8i440se1tlz4v5 .fa-arrow-right:before{font-family: 'fa'; font-weight: normal; font-style: normal;}#b_1fy4cm8i440se1tlz4v5 .fa-arrow-right:before{content: \"\\f061\";}<\/style>\n[\/vc_column][\/vc_row]\n<\/div>","protected":false},"featured_media":51658,"menu_order":0,"comment_status":"closed","ping_status":"closed","template":"","class_list":["post-51685","portfolio","type-portfolio","status-publish","has-post-thumbnail","hentry","catportfolio-projets","tagportfolio-isolatie-dak-en-gevelbouw-fr","keyword-amenagement-exterieur-paysager","keyword-groendak","keyword-waterbeheer"],"acf":[],"yoast_head":"<!-- This site is optimized with the Yoast SEO plugin v27.3 - https:\/\/yoast.com\/product\/yoast-seo-wordpress\/ -->\n<title>Van Eyck Park : gestion intelligente de l\u2019eau et toit v\u00e9g\u00e9talis\u00e9 intensif en plein centre-ville - Deschacht<\/title>\n<meta name=\"description\" content=\"Van Eyck Park combine un habitat urbain avec une gestion intelligente de l\u2019eau et une toiture v\u00e9g\u00e9talis\u00e9e intensive. D\u00e9couvrez comment la r\u00e9tention, l\u2019infiltration et les infrastructures souterraines contribuent \u00e0 une ville durable et r\u00e9siliente face au climat.\" \/>\n<meta name=\"robots\" content=\"index, follow, max-snippet:-1, max-image-preview:large, max-video-preview:-1\" \/>\n<link rel=\"canonical\" href=\"https:\/\/www.deschacht.eu\/fr\/project\/van-eyck-park-gestion-intelligente-de-l-eau-et-toiture-vegetalisee-intensive-en-plein-centre-ville\/\" \/>\n<meta property=\"og:locale\" content=\"fr_FR\" \/>\n<meta property=\"og:type\" content=\"article\" \/>\n<meta property=\"og:title\" content=\"Van Eyck Park : gestion intelligente de l\u2019eau et toit v\u00e9g\u00e9talis\u00e9 intensif en plein centre-ville - Deschacht\" \/>\n<meta property=\"og:description\" content=\"Van Eyck Park combine un habitat urbain avec une gestion intelligente de l\u2019eau et une toiture v\u00e9g\u00e9talis\u00e9e intensive. D\u00e9couvrez comment la r\u00e9tention, l\u2019infiltration et les infrastructures souterraines contribuent \u00e0 une ville durable et r\u00e9siliente face au climat.\" \/>\n<meta property=\"og:url\" content=\"https:\/\/www.deschacht.eu\/fr\/project\/van-eyck-park-gestion-intelligente-de-l-eau-et-toiture-vegetalisee-intensive-en-plein-centre-ville\/\" \/>\n<meta property=\"og:site_name\" content=\"Deschacht\" \/>\n<meta property=\"article:publisher\" content=\"https:\/\/www.facebook.com\/DeschachtNV\" \/>\n<meta property=\"article:modified_time\" content=\"2026-04-23T07:08:51+00:00\" \/>\n<meta property=\"og:image\" content=\"https:\/\/www.deschacht.eu\/wp-content\/uploads\/2026\/04\/IMG_8068.jpg\" \/>\n\t<meta property=\"og:image:width\" content=\"960\" \/>\n\t<meta property=\"og:image:height\" content=\"720\" \/>\n\t<meta property=\"og:image:type\" content=\"image\/jpeg\" \/>\n<meta name=\"twitter:card\" content=\"summary_large_image\" \/>\n<meta name=\"twitter:label1\" content=\"Dur\u00e9e de lecture est.\" \/>\n\t<meta name=\"twitter:data1\" content=\"6 minutes\" \/>\n<script type=\"application\/ld+json\" class=\"yoast-schema-graph\">{\"@context\":\"https:\\\/\\\/schema.org\",\"@graph\":[{\"@type\":\"WebPage\",\"@id\":\"https:\\\/\\\/www.deschacht.eu\\\/fr\\\/project\\\/van-eyck-park-gestion-intelligente-de-l-eau-et-toiture-vegetalisee-intensive-en-plein-centre-ville\\\/\",\"url\":\"https:\\\/\\\/www.deschacht.eu\\\/fr\\\/project\\\/van-eyck-park-gestion-intelligente-de-l-eau-et-toiture-vegetalisee-intensive-en-plein-centre-ville\\\/\",\"name\":\"Van Eyck Park : gestion intelligente de l\u2019eau et toit v\u00e9g\u00e9talis\u00e9 intensif en plein centre-ville - Deschacht\",\"isPartOf\":{\"@id\":\"https:\\\/\\\/www.deschacht.eu\\\/#website\"},\"primaryImageOfPage\":{\"@id\":\"https:\\\/\\\/www.deschacht.eu\\\/fr\\\/project\\\/van-eyck-park-gestion-intelligente-de-l-eau-et-toiture-vegetalisee-intensive-en-plein-centre-ville\\\/#primaryimage\"},\"image\":{\"@id\":\"https:\\\/\\\/www.deschacht.eu\\\/fr\\\/project\\\/van-eyck-park-gestion-intelligente-de-l-eau-et-toiture-vegetalisee-intensive-en-plein-centre-ville\\\/#primaryimage\"},\"thumbnailUrl\":\"https:\\\/\\\/www.deschacht.eu\\\/wp-content\\\/uploads\\\/2026\\\/04\\\/IMG_8068.jpg\",\"datePublished\":\"2026-04-21T11:59:35+00:00\",\"dateModified\":\"2026-04-23T07:08:51+00:00\",\"description\":\"Van Eyck Park combine un habitat urbain avec une gestion intelligente de l\u2019eau et une toiture v\u00e9g\u00e9talis\u00e9e intensive. D\u00e9couvrez comment la r\u00e9tention, l\u2019infiltration et les infrastructures souterraines contribuent \u00e0 une ville durable et r\u00e9siliente face au climat.\",\"breadcrumb\":{\"@id\":\"https:\\\/\\\/www.deschacht.eu\\\/fr\\\/project\\\/van-eyck-park-gestion-intelligente-de-l-eau-et-toiture-vegetalisee-intensive-en-plein-centre-ville\\\/#breadcrumb\"},\"inLanguage\":\"fr-BE\",\"potentialAction\":[{\"@type\":\"ReadAction\",\"target\":[\"https:\\\/\\\/www.deschacht.eu\\\/fr\\\/project\\\/van-eyck-park-gestion-intelligente-de-l-eau-et-toiture-vegetalisee-intensive-en-plein-centre-ville\\\/\"]}]},{\"@type\":\"ImageObject\",\"inLanguage\":\"fr-BE\",\"@id\":\"https:\\\/\\\/www.deschacht.eu\\\/fr\\\/project\\\/van-eyck-park-gestion-intelligente-de-l-eau-et-toiture-vegetalisee-intensive-en-plein-centre-ville\\\/#primaryimage\",\"url\":\"https:\\\/\\\/www.deschacht.eu\\\/wp-content\\\/uploads\\\/2026\\\/04\\\/IMG_8068.jpg\",\"contentUrl\":\"https:\\\/\\\/www.deschacht.eu\\\/wp-content\\\/uploads\\\/2026\\\/04\\\/IMG_8068.jpg\",\"width\":960,\"height\":720},{\"@type\":\"BreadcrumbList\",\"@id\":\"https:\\\/\\\/www.deschacht.eu\\\/fr\\\/project\\\/van-eyck-park-gestion-intelligente-de-l-eau-et-toiture-vegetalisee-intensive-en-plein-centre-ville\\\/#breadcrumb\",\"itemListElement\":[{\"@type\":\"ListItem\",\"position\":1,\"name\":\"Home\",\"item\":\"https:\\\/\\\/www.deschacht.eu\\\/fr\\\/\"},{\"@type\":\"ListItem\",\"position\":2,\"name\":\"Van Eyck Park : gestion intelligente de l\u2019eau et toit v\u00e9g\u00e9talis\u00e9 intensif en plein centre-ville\"}]},{\"@type\":\"WebSite\",\"@id\":\"https:\\\/\\\/www.deschacht.eu\\\/#website\",\"url\":\"https:\\\/\\\/www.deschacht.eu\\\/\",\"name\":\"Deschacht\",\"description\":\"\",\"publisher\":{\"@id\":\"https:\\\/\\\/www.deschacht.eu\\\/#organization\"},\"potentialAction\":[{\"@type\":\"SearchAction\",\"target\":{\"@type\":\"EntryPoint\",\"urlTemplate\":\"https:\\\/\\\/www.deschacht.eu\\\/?s={search_term_string}\"},\"query-input\":{\"@type\":\"PropertyValueSpecification\",\"valueRequired\":true,\"valueName\":\"search_term_string\"}}],\"inLanguage\":\"fr-BE\"},{\"@type\":\"Organization\",\"@id\":\"https:\\\/\\\/www.deschacht.eu\\\/#organization\",\"name\":\"Deschacht Bouwmaterialen\",\"url\":\"https:\\\/\\\/www.deschacht.eu\\\/\",\"logo\":{\"@type\":\"ImageObject\",\"inLanguage\":\"fr-BE\",\"@id\":\"https:\\\/\\\/www.deschacht.eu\\\/#\\\/schema\\\/logo\\\/image\\\/\",\"url\":\"https:\\\/\\\/www.deschacht.eu\\\/wp-content\\\/uploads\\\/2018\\\/02\\\/logo.png\",\"contentUrl\":\"https:\\\/\\\/www.deschacht.eu\\\/wp-content\\\/uploads\\\/2018\\\/02\\\/logo.png\",\"width\":213,\"height\":70,\"caption\":\"Deschacht Bouwmaterialen\"},\"image\":{\"@id\":\"https:\\\/\\\/www.deschacht.eu\\\/#\\\/schema\\\/logo\\\/image\\\/\"},\"sameAs\":[\"https:\\\/\\\/www.facebook.com\\\/DeschachtNV\",\"https:\\\/\\\/www.linkedin.com\\\/company\\\/deschacht?trk=company_logo\",\"https:\\\/\\\/www.youtube.com\\\/channel\\\/UCFOBZMamZdwH5-BtyaQIPoQ\",\"https:\\\/\\\/www.instagram.com\\\/deschacht.eu\"]}]}<\/script>\n<!-- \/ Yoast SEO plugin. -->","yoast_head_json":{"title":"Van Eyck Park : gestion intelligente de l\u2019eau et toit v\u00e9g\u00e9talis\u00e9 intensif en plein centre-ville - Deschacht","description":"Van Eyck Park combine un habitat urbain avec une gestion intelligente de l\u2019eau et une toiture v\u00e9g\u00e9talis\u00e9e intensive. D\u00e9couvrez comment la r\u00e9tention, l\u2019infiltration et les infrastructures souterraines contribuent \u00e0 une ville durable et r\u00e9siliente face au climat.","robots":{"index":"index","follow":"follow","max-snippet":"max-snippet:-1","max-image-preview":"max-image-preview:large","max-video-preview":"max-video-preview:-1"},"canonical":"https:\/\/www.deschacht.eu\/fr\/project\/van-eyck-park-gestion-intelligente-de-l-eau-et-toiture-vegetalisee-intensive-en-plein-centre-ville\/","og_locale":"fr_FR","og_type":"article","og_title":"Van Eyck Park : gestion intelligente de l\u2019eau et toit v\u00e9g\u00e9talis\u00e9 intensif en plein centre-ville - Deschacht","og_description":"Van Eyck Park combine un habitat urbain avec une gestion intelligente de l\u2019eau et une toiture v\u00e9g\u00e9talis\u00e9e intensive. D\u00e9couvrez comment la r\u00e9tention, l\u2019infiltration et les infrastructures souterraines contribuent \u00e0 une ville durable et r\u00e9siliente face au climat.","og_url":"https:\/\/www.deschacht.eu\/fr\/project\/van-eyck-park-gestion-intelligente-de-l-eau-et-toiture-vegetalisee-intensive-en-plein-centre-ville\/","og_site_name":"Deschacht","article_publisher":"https:\/\/www.facebook.com\/DeschachtNV","article_modified_time":"2026-04-23T07:08:51+00:00","og_image":[{"width":960,"height":720,"url":"https:\/\/www.deschacht.eu\/wp-content\/uploads\/2026\/04\/IMG_8068.jpg","type":"image\/jpeg"}],"twitter_card":"summary_large_image","twitter_misc":{"Dur\u00e9e de lecture est.":"6 minutes"},"schema":{"@context":"https:\/\/schema.org","@graph":[{"@type":"WebPage","@id":"https:\/\/www.deschacht.eu\/fr\/project\/van-eyck-park-gestion-intelligente-de-l-eau-et-toiture-vegetalisee-intensive-en-plein-centre-ville\/","url":"https:\/\/www.deschacht.eu\/fr\/project\/van-eyck-park-gestion-intelligente-de-l-eau-et-toiture-vegetalisee-intensive-en-plein-centre-ville\/","name":"Van Eyck Park : gestion intelligente de l\u2019eau et toit v\u00e9g\u00e9talis\u00e9 intensif en plein centre-ville - Deschacht","isPartOf":{"@id":"https:\/\/www.deschacht.eu\/#website"},"primaryImageOfPage":{"@id":"https:\/\/www.deschacht.eu\/fr\/project\/van-eyck-park-gestion-intelligente-de-l-eau-et-toiture-vegetalisee-intensive-en-plein-centre-ville\/#primaryimage"},"image":{"@id":"https:\/\/www.deschacht.eu\/fr\/project\/van-eyck-park-gestion-intelligente-de-l-eau-et-toiture-vegetalisee-intensive-en-plein-centre-ville\/#primaryimage"},"thumbnailUrl":"https:\/\/www.deschacht.eu\/wp-content\/uploads\/2026\/04\/IMG_8068.jpg","datePublished":"2026-04-21T11:59:35+00:00","dateModified":"2026-04-23T07:08:51+00:00","description":"Van Eyck Park combine un habitat urbain avec une gestion intelligente de l\u2019eau et une toiture v\u00e9g\u00e9talis\u00e9e intensive. D\u00e9couvrez comment la r\u00e9tention, l\u2019infiltration et les infrastructures souterraines contribuent \u00e0 une ville durable et r\u00e9siliente face au climat.","breadcrumb":{"@id":"https:\/\/www.deschacht.eu\/fr\/project\/van-eyck-park-gestion-intelligente-de-l-eau-et-toiture-vegetalisee-intensive-en-plein-centre-ville\/#breadcrumb"},"inLanguage":"fr-BE","potentialAction":[{"@type":"ReadAction","target":["https:\/\/www.deschacht.eu\/fr\/project\/van-eyck-park-gestion-intelligente-de-l-eau-et-toiture-vegetalisee-intensive-en-plein-centre-ville\/"]}]},{"@type":"ImageObject","inLanguage":"fr-BE","@id":"https:\/\/www.deschacht.eu\/fr\/project\/van-eyck-park-gestion-intelligente-de-l-eau-et-toiture-vegetalisee-intensive-en-plein-centre-ville\/#primaryimage","url":"https:\/\/www.deschacht.eu\/wp-content\/uploads\/2026\/04\/IMG_8068.jpg","contentUrl":"https:\/\/www.deschacht.eu\/wp-content\/uploads\/2026\/04\/IMG_8068.jpg","width":960,"height":720},{"@type":"BreadcrumbList","@id":"https:\/\/www.deschacht.eu\/fr\/project\/van-eyck-park-gestion-intelligente-de-l-eau-et-toiture-vegetalisee-intensive-en-plein-centre-ville\/#breadcrumb","itemListElement":[{"@type":"ListItem","position":1,"name":"Home","item":"https:\/\/www.deschacht.eu\/fr\/"},{"@type":"ListItem","position":2,"name":"Van Eyck Park : gestion intelligente de l\u2019eau et toit v\u00e9g\u00e9talis\u00e9 intensif en plein centre-ville"}]},{"@type":"WebSite","@id":"https:\/\/www.deschacht.eu\/#website","url":"https:\/\/www.deschacht.eu\/","name":"Deschacht","description":"","publisher":{"@id":"https:\/\/www.deschacht.eu\/#organization"},"potentialAction":[{"@type":"SearchAction","target":{"@type":"EntryPoint","urlTemplate":"https:\/\/www.deschacht.eu\/?s={search_term_string}"},"query-input":{"@type":"PropertyValueSpecification","valueRequired":true,"valueName":"search_term_string"}}],"inLanguage":"fr-BE"},{"@type":"Organization","@id":"https:\/\/www.deschacht.eu\/#organization","name":"Deschacht Bouwmaterialen","url":"https:\/\/www.deschacht.eu\/","logo":{"@type":"ImageObject","inLanguage":"fr-BE","@id":"https:\/\/www.deschacht.eu\/#\/schema\/logo\/image\/","url":"https:\/\/www.deschacht.eu\/wp-content\/uploads\/2018\/02\/logo.png","contentUrl":"https:\/\/www.deschacht.eu\/wp-content\/uploads\/2018\/02\/logo.png","width":213,"height":70,"caption":"Deschacht Bouwmaterialen"},"image":{"@id":"https:\/\/www.deschacht.eu\/#\/schema\/logo\/image\/"},"sameAs":["https:\/\/www.facebook.com\/DeschachtNV","https:\/\/www.linkedin.com\/company\/deschacht?trk=company_logo","https:\/\/www.youtube.com\/channel\/UCFOBZMamZdwH5-BtyaQIPoQ","https:\/\/www.instagram.com\/deschacht.eu"]}]}},"_links":{"self":[{"href":"https:\/\/www.deschacht.eu\/fr\/wp-json\/wp\/v2\/portfolio\/51685","targetHints":{"allow":["GET"]}}],"collection":[{"href":"https:\/\/www.deschacht.eu\/fr\/wp-json\/wp\/v2\/portfolio"}],"about":[{"href":"https:\/\/www.deschacht.eu\/fr\/wp-json\/wp\/v2\/types\/portfolio"}],"replies":[{"embeddable":true,"href":"https:\/\/www.deschacht.eu\/fr\/wp-json\/wp\/v2\/comments?post=51685"}],"wp:featuredmedia":[{"embeddable":true,"href":"https:\/\/www.deschacht.eu\/fr\/wp-json\/wp\/v2\/media\/51658"}],"wp:attachment":[{"href":"https:\/\/www.deschacht.eu\/fr\/wp-json\/wp\/v2\/media?parent=51685"}],"curies":[{"name":"wp","href":"https:\/\/api.w.org\/{rel}","templated":true}]}}