{"id":1959,"date":"2018-08-06T10:23:31","date_gmt":"2018-08-06T09:23:31","guid":{"rendered":"https:\/\/www.deschacht.eu\/?post_type=portfolio&#038;p=1959"},"modified":"2023-04-19T07:56:27","modified_gmt":"2023-04-19T06:56:27","slug":"rubenspark-edegem","status":"publish","type":"portfolio","link":"https:\/\/www.deschacht.eu\/fr\/project\/rubenspark-edegem\/","title":{"rendered":"Rubenspark | Edegem"},"content":{"rendered":"<div class=\"wpb-content-wrapper\">[vc_row][vc_column][vc_column_text]\n<h3><span style=\"color: #082c5d;\"><strong>Entrepreneur principal:<\/strong><\/span> ArteZ<\/h3>\n<h3><span style=\"color: #082c5d;\"><strong>Entrepreneurl:<\/strong><\/span> Gert Brosens<\/h3>\n<h3><span style=\"color: #082c5d;\"><strong>Architecte:<\/strong><\/span> Group Archo<\/h3>\n[\/vc_column_text][\/vc_column][\/vc_row][vc_row][vc_column][vc_empty_space height=&#8221;30px&#8221;][\/vc_column][\/vc_row][vc_row][vc_column width=&#8221;2\/3&#8243; css=&#8221;.vc_custom_1528199106744{padding-right: 30px !important;}&#8221;][vc_column_text]La r\u00e9sidence \u2018Rubenspark\u2019 a re\u00e7u un nouveau manteau. Les fa\u00e7ades lat\u00e9rales de l\u2019immeuble \u00e0 appartements ont \u00e9t\u00e9 recouvertes du nouvel isolant coupe-feu pour fa\u00e7ade ext\u00e9rieure de Recticel. Sur cet isolant a \u00e9t\u00e9 pos\u00e9 le lattage<br \/>\nen bois avec vis d\u2019\u00e9cartement (fa\u00e7ade ventil\u00e9e). Des panneaux de fa\u00e7ade Eternit Equitone viennent ensuite parachever la fa\u00e7ade de mani\u00e8re esth\u00e9tique.[\/vc_column_text][\/vc_column][vc_column width=&#8221;1\/3&#8243;][vc_row_inner][vc_column_inner css=&#8221;.vc_custom_1530191485844{background-color: #fec92e !important;}&#8221;][vc_column_text css=&#8221;.vc_custom_1533547401781{padding-top: 30px !important;padding-right: 30px !important;padding-bottom: 30px !important;padding-left: 30px !important;}&#8221;]\n<h3><span style=\"color: #082c5d;\">Deschacht:<\/span><\/h3>\n<p><span style=\"color: #082c5d;\">\u2794 Isolant pour fa\u00e7ade ext\u00e9rieure<br \/>\nPowerwall de Recticel<br \/>\n\u2794 Rev\u00eatement l\u00e9ger EQUITONE<br \/>\n(Natura) d\u2019Eternit<br \/>\n<\/span>[\/vc_column_text][\/vc_column_inner][\/vc_row_inner][vc_empty_space height=&#8221;10px&#8221;][vc_row_inner][vc_column_inner css=&#8221;.vc_custom_1530191491628{background-color: #ededed !important;}&#8221;][vc_column_text css=&#8221;.vc_custom_1609835060781{padding-top: 0px !important;padding-right: 30px !important;padding-bottom: 60px !important;padding-left: 30px !important;}&#8221;]\n<h3><a class=\"wplightbox\" href=\"\/wp-content\/downloads\/fr\/013_FR_Recticel_Equitone_Gevel_RubensparkBrussel.pdf\" target=\"_blank\" rel=\"noopener noreferrer\" data-width=\"1200\" data-height=\"1200\"><img loading=\"lazy\" decoding=\"async\" class=\"alignleft wp-image-118\" src=\"https:\/\/www.deschacht.eu\/wp-content\/uploads\/2018\/02\/fiches.png\" alt=\"Deschacht technische fiches\" width=\"60\" height=\"60\" srcset=\"https:\/\/www.deschacht.eu\/wp-content\/uploads\/2018\/02\/fiches.png 70w, https:\/\/www.deschacht.eu\/wp-content\/uploads\/2018\/02\/fiches-150x150.png 150w, https:\/\/www.deschacht.eu\/wp-content\/uploads\/2018\/02\/fiches-170x170.png 170w, https:\/\/www.deschacht.eu\/wp-content\/uploads\/2018\/02\/fiches-768x768.png 768w, https:\/\/www.deschacht.eu\/wp-content\/uploads\/2018\/02\/fiches-570x570.png 570w, https:\/\/www.deschacht.eu\/wp-content\/uploads\/2018\/02\/fiches-300x300.png 300w, https:\/\/www.deschacht.eu\/wp-content\/uploads\/2018\/02\/fiches-100x100.png 100w, https:\/\/www.deschacht.eu\/wp-content\/uploads\/2018\/02\/fiches-60x60.png 60w, https:\/\/www.deschacht.eu\/wp-content\/uploads\/2018\/02\/fiches-400x400.png 400w\" sizes=\"auto, (max-width: 60px) 100vw, 60px\" \/><\/a><span style=\"color: #082c5d;\"><br \/>\nT\u00e9l\u00e9charger PDF<\/span><\/h3>\n[\/vc_column_text][\/vc_column_inner][\/vc_row_inner][\/vc_column][\/vc_row][vc_row][vc_column][vc_empty_space height=&#8221;30px&#8221;][\/vc_column][\/vc_row][vc_row][vc_column]<div class=\"rd_img_gallery_ctn clearfix\" style=\"margin:0px auto 0px;\"><a class=\"ig_col_6 \" href=\"https:\/\/www.deschacht.eu\/wp-content\/uploads\/2018\/08\/Deschacht-12-01-17-053-1024x752.jpg\"  rel=\"prettyPhoto[rel-1210227080]\" ><img loading=\"lazy\" decoding=\"async\" width=\"150\" height=\"150\" src=\"https:\/\/www.deschacht.eu\/wp-content\/uploads\/2018\/08\/Deschacht-12-01-17-053-150x150.jpg\" class=\"attachment-thumbnail\" alt=\"\" title=\"Deschacht 12 01 17 053\" srcset=\"https:\/\/www.deschacht.eu\/wp-content\/uploads\/2018\/08\/Deschacht-12-01-17-053-150x150.jpg 150w, https:\/\/www.deschacht.eu\/wp-content\/uploads\/2018\/08\/Deschacht-12-01-17-053-170x170.jpg 170w, https:\/\/www.deschacht.eu\/wp-content\/uploads\/2018\/08\/Deschacht-12-01-17-053-768x768.jpg 768w, https:\/\/www.deschacht.eu\/wp-content\/uploads\/2018\/08\/Deschacht-12-01-17-053-570x570.jpg 570w, https:\/\/www.deschacht.eu\/wp-content\/uploads\/2018\/08\/Deschacht-12-01-17-053-300x300.jpg 300w, https:\/\/www.deschacht.eu\/wp-content\/uploads\/2018\/08\/Deschacht-12-01-17-053-100x100.jpg 100w, https:\/\/www.deschacht.eu\/wp-content\/uploads\/2018\/08\/Deschacht-12-01-17-053-400x400.jpg 400w\" sizes=\"auto, (max-width: 150px) 100vw, 150px\" \/><\/a><a class=\"ig_col_6 \" href=\"https:\/\/www.deschacht.eu\/wp-content\/uploads\/2018\/08\/Deschacht-12-01-17-029-1024x683.jpg\"  rel=\"prettyPhoto[rel-1210227080]\" ><img loading=\"lazy\" decoding=\"async\" width=\"150\" height=\"150\" src=\"https:\/\/www.deschacht.eu\/wp-content\/uploads\/2018\/08\/Deschacht-12-01-17-029-150x150.jpg\" class=\"attachment-thumbnail\" alt=\"\" title=\"Deschacht 12 01 17 029\" srcset=\"https:\/\/www.deschacht.eu\/wp-content\/uploads\/2018\/08\/Deschacht-12-01-17-029-150x150.jpg 150w, https:\/\/www.deschacht.eu\/wp-content\/uploads\/2018\/08\/Deschacht-12-01-17-029-170x170.jpg 170w, https:\/\/www.deschacht.eu\/wp-content\/uploads\/2018\/08\/Deschacht-12-01-17-029-768x768.jpg 768w, https:\/\/www.deschacht.eu\/wp-content\/uploads\/2018\/08\/Deschacht-12-01-17-029-570x570.jpg 570w, https:\/\/www.deschacht.eu\/wp-content\/uploads\/2018\/08\/Deschacht-12-01-17-029-300x300.jpg 300w, https:\/\/www.deschacht.eu\/wp-content\/uploads\/2018\/08\/Deschacht-12-01-17-029-100x100.jpg 100w, https:\/\/www.deschacht.eu\/wp-content\/uploads\/2018\/08\/Deschacht-12-01-17-029-400x400.jpg 400w\" sizes=\"auto, (max-width: 150px) 100vw, 150px\" \/><\/a><a class=\"ig_col_6 \" href=\"https:\/\/www.deschacht.eu\/wp-content\/uploads\/2018\/08\/Deschacht-12-01-17-057.jpg\"  rel=\"prettyPhoto[rel-1210227080]\" ><img loading=\"lazy\" decoding=\"async\" width=\"150\" height=\"150\" src=\"https:\/\/www.deschacht.eu\/wp-content\/uploads\/2018\/08\/Deschacht-12-01-17-057-150x150.jpg\" class=\"attachment-thumbnail\" alt=\"\" title=\"Deschacht 12 01 17 057\" srcset=\"https:\/\/www.deschacht.eu\/wp-content\/uploads\/2018\/08\/Deschacht-12-01-17-057-150x150.jpg 150w, https:\/\/www.deschacht.eu\/wp-content\/uploads\/2018\/08\/Deschacht-12-01-17-057-170x170.jpg 170w, https:\/\/www.deschacht.eu\/wp-content\/uploads\/2018\/08\/Deschacht-12-01-17-057-768x768.jpg 768w, https:\/\/www.deschacht.eu\/wp-content\/uploads\/2018\/08\/Deschacht-12-01-17-057-570x570.jpg 570w, https:\/\/www.deschacht.eu\/wp-content\/uploads\/2018\/08\/Deschacht-12-01-17-057-300x300.jpg 300w, https:\/\/www.deschacht.eu\/wp-content\/uploads\/2018\/08\/Deschacht-12-01-17-057-100x100.jpg 100w, https:\/\/www.deschacht.eu\/wp-content\/uploads\/2018\/08\/Deschacht-12-01-17-057-400x400.jpg 400w\" sizes=\"auto, (max-width: 150px) 100vw, 150px\" \/><\/a><\/div>[\/vc_column][\/vc_row][vc_row type=&#8221;full-width-section&#8221;][vc_column][vc_empty_space height=&#8221;80px&#8221;][vc_column_text css=&#8221;.vc_custom_1670936326530{margin-bottom: 15px !important;}&#8221;]\n<h1 style=\"text-align: left;\"><span style=\"color: #082c5d;\">Voir aussi les <strong>r\u00e9alisations<\/strong> suivantes<\/span><\/h1>\n[\/vc_column_text][vc_empty_space height=&#8221;10px&#8221;]<div class=\"clearfix\" style=\"padding-top:0px\"><\/div><style type=\"text\/css\" >.rd_p6ho3c0fgka6bfkulpyl .port_details{background:#f3f3f3; border:1px solid #ffffff; }.rd_p6ho3c0fgka6bfkulpyl .port_details:before{background:#f3f3f3;}.rd_p6ho3c0fgka6bfkulpyl .carousel_recent_post:hover .port_details{background:#ffffff; border:1px solid #ffffff; }.rd_p6ho3c0fgka6bfkulpyl .carousel_recent_post:hover .port_details:before{background:#ffffff;}.rd_p6ho3c0fgka6bfkulpyl .port_details h2 a{color:#082c5d;}.rd_p6ho3c0fgka6bfkulpyl .port_details h3{color:#333333;}.rd_p6ho3c0fgka6bfkulpyl .carousel_recent_post:hover .port_details h2 a,.rd_p6ho3c0fgka6bfkulpyl .carousel_recent_post:hover .port_details h3{color:#fec92e; }<\/style>\n\t\t<script type=\"text\/javascript\" charset=\"utf-8\">\n\t\tjQuery.noConflict();\t\t\n\t\t\n\t\/\/setup up Carousel\n\t\t\n\t\tjQuery(document).ready(function($) {\t\n\t\t\"use strict\";\n\t\t\n\t\t$(window).load(function(){\n\t\t$(\".rd_p6ho3c0fgka6bfkulpyl.jcarousel ul\").carouFredSel({\n\t\t\t\t\tresponsive: true,\n\t\t\t\t\twidth: \"100%\",scroll: 1,\n\t\t\t\t\tauto: false,prev: \".rd_p6ho3c0fgka6bfkulpyl.carousel_left\",\n\t\t\t\t\tnext: \".rd_p6ho3c0fgka6bfkulpyl.carousel_right\",items: {\n\t\t\t\t\t\twidth:399,\n\t\t\t\t\t\theight: \"100%\",\n\t\t\t\t\t \tswipe       : {\n             \t\t   \t\tonTouch     : true,\n\t\t               \t\tonMouse     : false\n        \t\t    \t},\n\t\t\t\t\t\tvisible: {\n\t\t\t\t\t\t\tmin: 1,\n\t\t\t\t\t\t\tmax: 3\n\t\t\t\t\t\t}\n\t\t\t\t\t\t\n\t\t\t\t\t}\n\t\t\t\t});\n\t\t\t\t});\n\t\t\t\t});\n\t<\/script><div class=\"rd_p6ho3c0fgka6bfkulpyl jcarousel rd_pc_1\"><div class=\"carousel_nav\">\n  <p class=\"rd_p6ho3c0fgka6bfkulpyl carousel_left\"><\/p>\n  <p class=\"rd_p6ho3c0fgka6bfkulpyl carousel_right\"><\/p>\n<\/div><ul><!-- portfolio item -->\n\n<li class=\"carousel_recent_post prsc\">\n  <div class=\"recent_port_ctn\">\n    <div class=\"filter_img\"><a href=\"https:\/\/www.deschacht.eu\/fr\/project\/840-m%c2%b2-de-dalles-gravier-trudidal-pour-une-allee-paysagere-drainante\/\" class=\"ico_link\">\n      <img loading=\"lazy\" decoding=\"async\" width=\"586\" height=\"440\" src=\"https:\/\/www.deschacht.eu\/wp-content\/uploads\/2026\/01\/499-Martin-Adam-Trudidal-uitgelicht-586x440.jpg\" class=\"attachment-586x440 size-586x440 wp-post-image\" alt=\"\" title=\"\" \/>      <\/a>\n      <a href=\"https:\/\/www.deschacht.eu\/wp-content\/uploads\/2026\/01\/499-Martin-Adam-Trudidal-uitgelicht.jpg\" class=\"prettyPhoto port_img_link\"><span class='img_link'><\/span><\/a><a href='https:\/\/www.deschacht.eu\/fr\/project\/840-m%c2%b2-de-dalles-gravier-trudidal-pour-une-allee-paysagere-drainante\/' class='port_post_link'><span class='post_link'><h2 class='fw_port_link'>840 m\u00b2 de dalles gravier Trudidal pour une all\u00e9e paysag\u00e8re drainante<\/h2><h3 class='fw_port_tag'>entreprise g\u00e9n\u00e9rale <\/h3><\/span><\/a>    <\/div>\n<div class=\"port_details\">\n\t\t<h2><a href=\"https:\/\/www.deschacht.eu\/fr\/project\/840-m%c2%b2-de-dalles-gravier-trudidal-pour-une-allee-paysagere-drainante\/\">840 m\u00b2 de dalles gravier Trudidal pour une all\u00e9e paysag\u00e8re drainante<\/a><\/h2>\n\t\t<h3>entreprise g\u00e9n\u00e9rale <\/h3>\n        <\/div>\n  <\/div>\n<\/li>\n<!-- portfolio item -->\n\n<li class=\"carousel_recent_post prsc\">\n  <div class=\"recent_port_ctn\">\n    <div class=\"filter_img\"><a href=\"https:\/\/www.deschacht.eu\/fr\/project\/deschacht-et-louis-de-waele-collaborent-sur-un-reseau-degouttage-et-un-bassin-dinfiltration-modulaire\/\" class=\"ico_link\">\n      <img loading=\"lazy\" decoding=\"async\" width=\"586\" height=\"440\" src=\"https:\/\/www.deschacht.eu\/wp-content\/uploads\/2026\/01\/476-LouisDeWaele-Ecole-Herlin-2-586x440.jpg\" class=\"attachment-586x440 size-586x440 wp-post-image\" alt=\"\" title=\"\" srcset=\"https:\/\/www.deschacht.eu\/wp-content\/uploads\/2026\/01\/476-LouisDeWaele-Ecole-Herlin-2-586x440.jpg 586w, https:\/\/www.deschacht.eu\/wp-content\/uploads\/2026\/01\/476-LouisDeWaele-Ecole-Herlin-2-300x225.jpg 300w, https:\/\/www.deschacht.eu\/wp-content\/uploads\/2026\/01\/476-LouisDeWaele-Ecole-Herlin-2-1024x768.jpg 1024w, https:\/\/www.deschacht.eu\/wp-content\/uploads\/2026\/01\/476-LouisDeWaele-Ecole-Herlin-2-768x576.jpg 768w, https:\/\/www.deschacht.eu\/wp-content\/uploads\/2026\/01\/476-LouisDeWaele-Ecole-Herlin-2.jpg 1200w\" sizes=\"auto, (max-width: 586px) 100vw, 586px\" \/>      <\/a>\n      <a href=\"https:\/\/www.deschacht.eu\/wp-content\/uploads\/2026\/01\/476-LouisDeWaele-Ecole-Herlin-2.jpg\" class=\"prettyPhoto port_img_link\"><span class='img_link'><\/span><\/a><a href='https:\/\/www.deschacht.eu\/fr\/project\/deschacht-et-louis-de-waele-collaborent-sur-un-reseau-degouttage-et-un-bassin-dinfiltration-modulaire\/' class='port_post_link'><span class='post_link'><h2 class='fw_port_link'>Deschacht et Louis De Waele collaborent sur un r\u00e9seau d\u2019\u00e9gouttage et un bassin d\u2019infiltration modulaire<\/h2><h3 class='fw_port_tag'>b\u00e2timents utilitaires entreprise g\u00e9n\u00e9rale <\/h3><\/span><\/a>    <\/div>\n<div class=\"port_details\">\n\t\t<h2><a href=\"https:\/\/www.deschacht.eu\/fr\/project\/deschacht-et-louis-de-waele-collaborent-sur-un-reseau-degouttage-et-un-bassin-dinfiltration-modulaire\/\">Deschacht et Louis De Waele collaborent sur un r\u00e9seau d\u2019\u00e9gouttage et un bassin d\u2019infiltration modulaire<\/a><\/h2>\n\t\t<h3>b\u00e2timents utilitaires entreprise g\u00e9n\u00e9rale <\/h3>\n        <\/div>\n  <\/div>\n<\/li>\n<!-- portfolio item -->\n\n<li class=\"carousel_recent_post prsc\">\n  <div class=\"recent_port_ctn\">\n    <div class=\"filter_img\"><a href=\"https:\/\/www.deschacht.eu\/fr\/project\/toiture-verte-pour-lab15\/\" class=\"ico_link\">\n      <img loading=\"lazy\" decoding=\"async\" width=\"586\" height=\"440\" src=\"https:\/\/www.deschacht.eu\/wp-content\/uploads\/2025\/10\/werf478-1-586x440.webp\" class=\"attachment-586x440 size-586x440 wp-post-image\" alt=\"\" title=\"\" \/>      <\/a>\n      <a href=\"https:\/\/www.deschacht.eu\/wp-content\/uploads\/2025\/10\/werf478-1.webp\" class=\"prettyPhoto port_img_link\"><span class='img_link'><\/span><\/a><a href='https:\/\/www.deschacht.eu\/fr\/project\/toiture-verte-pour-lab15\/' class='port_post_link'><span class='post_link'><h2 class='fw_port_link'>Toiture verte pour LAB15<\/h2><h3 class='fw_port_tag'>entreprise g\u00e9n\u00e9rale <\/h3><\/span><\/a>    <\/div>\n<div class=\"port_details\">\n\t\t<h2><a href=\"https:\/\/www.deschacht.eu\/fr\/project\/toiture-verte-pour-lab15\/\">Toiture verte pour LAB15<\/a><\/h2>\n\t\t<h3>entreprise g\u00e9n\u00e9rale <\/h3>\n        <\/div>\n  <\/div>\n<\/li>\n<\/ul>\n<\/div>\n<div class=\"clearfix\" style=\"padding-top:0px\"><\/div>[vc_empty_space height=&#8221;40px&#8221;]<style type=\"text\/css\" >#b_8fdpkyfzqr1tydkmtsid a{color:#ffffff; background:#fec92e; margin-top:0px; margin-bottom:0px;  margin-left:0px; margin-right:0px; font-weight:700; border-radius:0px;}#b_8fdpkyfzqr1tydkmtsid a:hover{color:#ffffff ; background:#082c5d ;}<\/style><div class=\"ta_left tf_btn_pos\" id=\"b_8fdpkyfzqr1tydkmtsid\" ><a class=\"rd_normal_bt smallmedium_rd_bt bt_icon_right   \" href=\"\/fr\/projets\/\" target=\"\"   ><span>Voir toutes les r\u00e9alisations<\/span><i class=\"elg-arrow_carrot-right\" ><\/i><\/a><\/div><style type=\"text\/css\" >#b_8fdpkyfzqr1tydkmtsid i {color:#ffffff;}#b_8fdpkyfzqr1tydkmtsid a:hover i{color:#ffffff;}<\/style><style type='text\/css'> @font-face{font-family: 'elg'; src:url('https:\/\/www.deschacht.eu\/wp-content\/themes\/deschacht\/includes\/4k-icons\/icons\/4k-icons-pack02\/icons\/fonts\/elg.eot'); src:url('https:\/\/www.deschacht.eu\/wp-content\/themes\/deschacht\/includes\/4k-icons\/icons\/4k-icons-pack02\/icons\/fonts\/elg.eot?#iefix') format('embedded-opentype'), url('https:\/\/www.deschacht.eu\/wp-content\/themes\/deschacht\/includes\/4k-icons\/icons\/4k-icons-pack02\/icons\/fonts\/elg.woff') format('woff'), url('https:\/\/www.deschacht.eu\/wp-content\/themes\/deschacht\/includes\/4k-icons\/icons\/4k-icons-pack02\/icons\/fonts\/elg.ttf') format('truetype'), url('https:\/\/www.deschacht.eu\/wp-content\/themes\/deschacht\/includes\/4k-icons\/icons\/4k-icons-pack02\/icons\/fonts\/elg.svg#oi') format('svg'); font-weight: normal; font-style: normal;}#b_8fdpkyfzqr1tydkmtsid .elg-arrow_carrot-right:before{font-family: 'elg'; font-weight: normal; font-style: normal;}#b_8fdpkyfzqr1tydkmtsid .elg-arrow_carrot-right:before{content: \"\\35\";}<\/style>\n[\/vc_column][\/vc_row]\n<\/div>","protected":false},"featured_media":2587,"menu_order":0,"comment_status":"closed","ping_status":"closed","template":"","class_list":["post-1959","portfolio","type-portfolio","status-publish","has-post-thumbnail","hentry","catportfolio-projets","tagportfolio-utiliteitsbouw-fr-2","tagportfolio-entreprise-generale","tagportfolio-isolatie-dak-en-gevelbouw-fr","keyword-facade","keyword-isolation-fr"],"acf":[],"yoast_head":"<!-- This site is optimized with the Yoast SEO plugin v27.3 - https:\/\/yoast.com\/product\/yoast-seo-wordpress\/ -->\n<title>Rubenspark | Edegem - Deschacht<\/title>\n<meta name=\"description\" content=\"De zijgevels van het appartementsgebouw aan het Rubenspark in Edegem kregen een nieuwe brandveilige buitengevelisolatie van Eternit\" \/>\n<meta name=\"robots\" content=\"index, follow, max-snippet:-1, max-image-preview:large, max-video-preview:-1\" \/>\n<link rel=\"canonical\" href=\"https:\/\/www.deschacht.eu\/project\/rubenspark-edegem\/\" \/>\n<meta property=\"og:locale\" content=\"fr_FR\" \/>\n<meta property=\"og:type\" content=\"article\" \/>\n<meta property=\"og:title\" content=\"Rubenspark | Edegem - Deschacht\" \/>\n<meta property=\"og:description\" content=\"De zijgevels van het appartementsgebouw aan het Rubenspark in Edegem kregen een nieuwe brandveilige buitengevelisolatie van Eternit\" \/>\n<meta property=\"og:url\" content=\"https:\/\/www.deschacht.eu\/project\/rubenspark-edegem\/\" \/>\n<meta property=\"og:site_name\" content=\"Deschacht\" \/>\n<meta property=\"article:publisher\" content=\"https:\/\/www.facebook.com\/DeschachtNV\" \/>\n<meta property=\"article:modified_time\" content=\"2023-04-19T06:56:27+00:00\" \/>\n<meta property=\"og:image\" content=\"https:\/\/www.deschacht.eu\/wp-content\/uploads\/2018\/08\/Deschacht-12-01-17-029.jpg\" \/>\n\t<meta property=\"og:image:width\" content=\"1350\" \/>\n\t<meta property=\"og:image:height\" content=\"900\" \/>\n\t<meta property=\"og:image:type\" content=\"image\/jpeg\" \/>\n<meta name=\"twitter:card\" content=\"summary_large_image\" \/>\n<meta name=\"twitter:label1\" content=\"Dur\u00e9e de lecture est.\" \/>\n\t<meta name=\"twitter:data1\" content=\"1 minute\" \/>\n<script type=\"application\/ld+json\" class=\"yoast-schema-graph\">{\"@context\":\"https:\\\/\\\/schema.org\",\"@graph\":[{\"@type\":\"WebPage\",\"@id\":\"https:\\\/\\\/www.deschacht.eu\\\/project\\\/rubenspark-edegem\\\/\",\"url\":\"https:\\\/\\\/www.deschacht.eu\\\/project\\\/rubenspark-edegem\\\/\",\"name\":\"Rubenspark | Edegem - Deschacht\",\"isPartOf\":{\"@id\":\"https:\\\/\\\/www.deschacht.eu\\\/#website\"},\"primaryImageOfPage\":{\"@id\":\"https:\\\/\\\/www.deschacht.eu\\\/project\\\/rubenspark-edegem\\\/#primaryimage\"},\"image\":{\"@id\":\"https:\\\/\\\/www.deschacht.eu\\\/project\\\/rubenspark-edegem\\\/#primaryimage\"},\"thumbnailUrl\":\"https:\\\/\\\/www.deschacht.eu\\\/wp-content\\\/uploads\\\/2018\\\/08\\\/Deschacht-12-01-17-029.jpg\",\"datePublished\":\"2018-08-06T09:23:31+00:00\",\"dateModified\":\"2023-04-19T06:56:27+00:00\",\"description\":\"De zijgevels van het appartementsgebouw aan het Rubenspark in Edegem kregen een nieuwe brandveilige buitengevelisolatie van Eternit\",\"breadcrumb\":{\"@id\":\"https:\\\/\\\/www.deschacht.eu\\\/project\\\/rubenspark-edegem\\\/#breadcrumb\"},\"inLanguage\":\"fr-BE\",\"potentialAction\":[{\"@type\":\"ReadAction\",\"target\":[\"https:\\\/\\\/www.deschacht.eu\\\/project\\\/rubenspark-edegem\\\/\"]}]},{\"@type\":\"ImageObject\",\"inLanguage\":\"fr-BE\",\"@id\":\"https:\\\/\\\/www.deschacht.eu\\\/project\\\/rubenspark-edegem\\\/#primaryimage\",\"url\":\"https:\\\/\\\/www.deschacht.eu\\\/wp-content\\\/uploads\\\/2018\\\/08\\\/Deschacht-12-01-17-029.jpg\",\"contentUrl\":\"https:\\\/\\\/www.deschacht.eu\\\/wp-content\\\/uploads\\\/2018\\\/08\\\/Deschacht-12-01-17-029.jpg\",\"width\":1350,\"height\":900},{\"@type\":\"BreadcrumbList\",\"@id\":\"https:\\\/\\\/www.deschacht.eu\\\/project\\\/rubenspark-edegem\\\/#breadcrumb\",\"itemListElement\":[{\"@type\":\"ListItem\",\"position\":1,\"name\":\"Home\",\"item\":\"https:\\\/\\\/www.deschacht.eu\\\/fr\\\/\"},{\"@type\":\"ListItem\",\"position\":2,\"name\":\"Rubenspark | Edegem\"}]},{\"@type\":\"WebSite\",\"@id\":\"https:\\\/\\\/www.deschacht.eu\\\/#website\",\"url\":\"https:\\\/\\\/www.deschacht.eu\\\/\",\"name\":\"Deschacht\",\"description\":\"\",\"publisher\":{\"@id\":\"https:\\\/\\\/www.deschacht.eu\\\/#organization\"},\"potentialAction\":[{\"@type\":\"SearchAction\",\"target\":{\"@type\":\"EntryPoint\",\"urlTemplate\":\"https:\\\/\\\/www.deschacht.eu\\\/?s={search_term_string}\"},\"query-input\":{\"@type\":\"PropertyValueSpecification\",\"valueRequired\":true,\"valueName\":\"search_term_string\"}}],\"inLanguage\":\"fr-BE\"},{\"@type\":\"Organization\",\"@id\":\"https:\\\/\\\/www.deschacht.eu\\\/#organization\",\"name\":\"Deschacht Bouwmaterialen\",\"url\":\"https:\\\/\\\/www.deschacht.eu\\\/\",\"logo\":{\"@type\":\"ImageObject\",\"inLanguage\":\"fr-BE\",\"@id\":\"https:\\\/\\\/www.deschacht.eu\\\/#\\\/schema\\\/logo\\\/image\\\/\",\"url\":\"https:\\\/\\\/www.deschacht.eu\\\/wp-content\\\/uploads\\\/2018\\\/02\\\/logo.png\",\"contentUrl\":\"https:\\\/\\\/www.deschacht.eu\\\/wp-content\\\/uploads\\\/2018\\\/02\\\/logo.png\",\"width\":213,\"height\":70,\"caption\":\"Deschacht Bouwmaterialen\"},\"image\":{\"@id\":\"https:\\\/\\\/www.deschacht.eu\\\/#\\\/schema\\\/logo\\\/image\\\/\"},\"sameAs\":[\"https:\\\/\\\/www.facebook.com\\\/DeschachtNV\",\"https:\\\/\\\/www.linkedin.com\\\/company\\\/deschacht?trk=company_logo\",\"https:\\\/\\\/www.youtube.com\\\/channel\\\/UCFOBZMamZdwH5-BtyaQIPoQ\",\"https:\\\/\\\/www.instagram.com\\\/deschacht.eu\"]}]}<\/script>\n<!-- \/ Yoast SEO plugin. -->","yoast_head_json":{"title":"Rubenspark | Edegem - Deschacht","description":"De zijgevels van het appartementsgebouw aan het Rubenspark in Edegem kregen een nieuwe brandveilige buitengevelisolatie van Eternit","robots":{"index":"index","follow":"follow","max-snippet":"max-snippet:-1","max-image-preview":"max-image-preview:large","max-video-preview":"max-video-preview:-1"},"canonical":"https:\/\/www.deschacht.eu\/project\/rubenspark-edegem\/","og_locale":"fr_FR","og_type":"article","og_title":"Rubenspark | Edegem - Deschacht","og_description":"De zijgevels van het appartementsgebouw aan het Rubenspark in Edegem kregen een nieuwe brandveilige buitengevelisolatie van Eternit","og_url":"https:\/\/www.deschacht.eu\/project\/rubenspark-edegem\/","og_site_name":"Deschacht","article_publisher":"https:\/\/www.facebook.com\/DeschachtNV","article_modified_time":"2023-04-19T06:56:27+00:00","og_image":[{"width":1350,"height":900,"url":"https:\/\/www.deschacht.eu\/wp-content\/uploads\/2018\/08\/Deschacht-12-01-17-029.jpg","type":"image\/jpeg"}],"twitter_card":"summary_large_image","twitter_misc":{"Dur\u00e9e de lecture est.":"1 minute"},"schema":{"@context":"https:\/\/schema.org","@graph":[{"@type":"WebPage","@id":"https:\/\/www.deschacht.eu\/project\/rubenspark-edegem\/","url":"https:\/\/www.deschacht.eu\/project\/rubenspark-edegem\/","name":"Rubenspark | Edegem - Deschacht","isPartOf":{"@id":"https:\/\/www.deschacht.eu\/#website"},"primaryImageOfPage":{"@id":"https:\/\/www.deschacht.eu\/project\/rubenspark-edegem\/#primaryimage"},"image":{"@id":"https:\/\/www.deschacht.eu\/project\/rubenspark-edegem\/#primaryimage"},"thumbnailUrl":"https:\/\/www.deschacht.eu\/wp-content\/uploads\/2018\/08\/Deschacht-12-01-17-029.jpg","datePublished":"2018-08-06T09:23:31+00:00","dateModified":"2023-04-19T06:56:27+00:00","description":"De zijgevels van het appartementsgebouw aan het Rubenspark in Edegem kregen een nieuwe brandveilige buitengevelisolatie van Eternit","breadcrumb":{"@id":"https:\/\/www.deschacht.eu\/project\/rubenspark-edegem\/#breadcrumb"},"inLanguage":"fr-BE","potentialAction":[{"@type":"ReadAction","target":["https:\/\/www.deschacht.eu\/project\/rubenspark-edegem\/"]}]},{"@type":"ImageObject","inLanguage":"fr-BE","@id":"https:\/\/www.deschacht.eu\/project\/rubenspark-edegem\/#primaryimage","url":"https:\/\/www.deschacht.eu\/wp-content\/uploads\/2018\/08\/Deschacht-12-01-17-029.jpg","contentUrl":"https:\/\/www.deschacht.eu\/wp-content\/uploads\/2018\/08\/Deschacht-12-01-17-029.jpg","width":1350,"height":900},{"@type":"BreadcrumbList","@id":"https:\/\/www.deschacht.eu\/project\/rubenspark-edegem\/#breadcrumb","itemListElement":[{"@type":"ListItem","position":1,"name":"Home","item":"https:\/\/www.deschacht.eu\/fr\/"},{"@type":"ListItem","position":2,"name":"Rubenspark | Edegem"}]},{"@type":"WebSite","@id":"https:\/\/www.deschacht.eu\/#website","url":"https:\/\/www.deschacht.eu\/","name":"Deschacht","description":"","publisher":{"@id":"https:\/\/www.deschacht.eu\/#organization"},"potentialAction":[{"@type":"SearchAction","target":{"@type":"EntryPoint","urlTemplate":"https:\/\/www.deschacht.eu\/?s={search_term_string}"},"query-input":{"@type":"PropertyValueSpecification","valueRequired":true,"valueName":"search_term_string"}}],"inLanguage":"fr-BE"},{"@type":"Organization","@id":"https:\/\/www.deschacht.eu\/#organization","name":"Deschacht Bouwmaterialen","url":"https:\/\/www.deschacht.eu\/","logo":{"@type":"ImageObject","inLanguage":"fr-BE","@id":"https:\/\/www.deschacht.eu\/#\/schema\/logo\/image\/","url":"https:\/\/www.deschacht.eu\/wp-content\/uploads\/2018\/02\/logo.png","contentUrl":"https:\/\/www.deschacht.eu\/wp-content\/uploads\/2018\/02\/logo.png","width":213,"height":70,"caption":"Deschacht Bouwmaterialen"},"image":{"@id":"https:\/\/www.deschacht.eu\/#\/schema\/logo\/image\/"},"sameAs":["https:\/\/www.facebook.com\/DeschachtNV","https:\/\/www.linkedin.com\/company\/deschacht?trk=company_logo","https:\/\/www.youtube.com\/channel\/UCFOBZMamZdwH5-BtyaQIPoQ","https:\/\/www.instagram.com\/deschacht.eu"]}]}},"_links":{"self":[{"href":"https:\/\/www.deschacht.eu\/fr\/wp-json\/wp\/v2\/portfolio\/1959","targetHints":{"allow":["GET"]}}],"collection":[{"href":"https:\/\/www.deschacht.eu\/fr\/wp-json\/wp\/v2\/portfolio"}],"about":[{"href":"https:\/\/www.deschacht.eu\/fr\/wp-json\/wp\/v2\/types\/portfolio"}],"replies":[{"embeddable":true,"href":"https:\/\/www.deschacht.eu\/fr\/wp-json\/wp\/v2\/comments?post=1959"}],"wp:featuredmedia":[{"embeddable":true,"href":"https:\/\/www.deschacht.eu\/fr\/wp-json\/wp\/v2\/media\/2587"}],"wp:attachment":[{"href":"https:\/\/www.deschacht.eu\/fr\/wp-json\/wp\/v2\/media?parent=1959"}],"curies":[{"name":"wp","href":"https:\/\/api.w.org\/{rel}","templated":true}]}}